{"id":495,"date":"2021-03-31T17:21:42","date_gmt":"2021-03-31T15:21:42","guid":{"rendered":"https:\/\/www.inselwatt.de\/?page_id=495"},"modified":"2026-03-25T13:46:36","modified_gmt":"2026-03-25T12:46:36","slug":"termine","status":"publish","type":"page","link":"https:\/\/www.inselwatt.de\/foehr\/termine\/","title":{"rendered":"Termine"},"content":{"rendered":"\t\t<div data-elementor-type=\"wp-page\" data-elementor-id=\"495\" class=\"elementor elementor-495\" data-elementor-post-type=\"page\">\n\t\t\t\t\t\t<section class=\"elementor-section elementor-top-section elementor-element elementor-element-dc1a187 elementor-section-boxed elementor-section-height-default elementor-section-height-default\" data-id=\"dc1a187\" data-element_type=\"section\" data-e-type=\"section\" data-settings=\"{&quot;background_background&quot;:&quot;classic&quot;}\">\n\t\t\t\t\t\t<div class=\"elementor-container elementor-column-gap-custom\">\n\t\t\t\t\t<div class=\"elementor-column elementor-col-100 elementor-top-column elementor-element elementor-element-452c861\" data-id=\"452c861\" data-element_type=\"column\" data-e-type=\"column\">\n\t\t\t<div class=\"elementor-widget-wrap elementor-element-populated\">\n\t\t\t\t\t\t<div class=\"elementor-element elementor-element-8ff577c elementor-invisible elementor-widget elementor-widget-image\" data-id=\"8ff577c\" data-element_type=\"widget\" data-e-type=\"widget\" data-settings=\"{&quot;_animation&quot;:&quot;fadeInLeft&quot;}\" data-widget_type=\"image.default\">\n\t\t\t\t<div class=\"elementor-widget-container\">\n\t\t\t\t\t\t\t\t\t\t\t\t\t\t\t<img loading=\"lazy\" decoding=\"async\" width=\"900\" height=\"900\" src=\"https:\/\/www.inselwatt.de\/foehr\/wp-content\/uploads\/2026\/03\/wattfuehrer-matthias-hansen-mit-seinem-hund-900x900.jpg\" class=\"attachment-large size-large wp-image-14063\" alt=\"Wattf\u00fchrer Matthias Hansen mit Hund\" srcset=\"https:\/\/www.inselwatt.de\/foehr\/wp-content\/uploads\/2026\/03\/wattfuehrer-matthias-hansen-mit-seinem-hund-900x900.jpg 900w, https:\/\/www.inselwatt.de\/foehr\/wp-content\/uploads\/2026\/03\/wattfuehrer-matthias-hansen-mit-seinem-hund-300x300.jpg 300w, https:\/\/www.inselwatt.de\/foehr\/wp-content\/uploads\/2026\/03\/wattfuehrer-matthias-hansen-mit-seinem-hund-150x150.jpg 150w, https:\/\/www.inselwatt.de\/foehr\/wp-content\/uploads\/2026\/03\/wattfuehrer-matthias-hansen-mit-seinem-hund-768x768.jpg 768w, https:\/\/www.inselwatt.de\/foehr\/wp-content\/uploads\/2026\/03\/wattfuehrer-matthias-hansen-mit-seinem-hund-500x500.jpg 500w, https:\/\/www.inselwatt.de\/foehr\/wp-content\/uploads\/2026\/03\/wattfuehrer-matthias-hansen-mit-seinem-hund.jpg 1450w\" sizes=\"(max-width: 900px) 100vw, 900px\" \/>\t\t\t\t\t\t\t\t\t\t\t\t\t\t\t<\/div>\n\t\t\t\t<\/div>\n\t\t\t\t<div class=\"elementor-element elementor-element-a371651 elementor-absolute elementor-invisible elementor-widget elementor-widget-heading\" data-id=\"a371651\" data-element_type=\"widget\" data-e-type=\"widget\" data-settings=\"{&quot;_position&quot;:&quot;absolute&quot;,&quot;_animation&quot;:&quot;fadeInLeft&quot;}\" data-widget_type=\"heading.default\">\n\t\t\t\t<div class=\"elementor-widget-container\">\n\t\t\t\t\t<h1 class=\"elementor-heading-title elementor-size-xl\">Termine F\u00f6hr<\/h1>\t\t\t\t<\/div>\n\t\t\t\t<\/div>\n\t\t\t\t<section class=\"elementor-section elementor-inner-section elementor-element elementor-element-031384a elementor-section-boxed elementor-section-height-default elementor-section-height-default\" data-id=\"031384a\" data-element_type=\"section\" data-e-type=\"section\">\n\t\t\t\t\t\t<div class=\"elementor-container elementor-column-gap-default\">\n\t\t\t\t\t<div class=\"elementor-column elementor-col-100 elementor-inner-column elementor-element elementor-element-a6d1f83\" data-id=\"a6d1f83\" data-element_type=\"column\" data-e-type=\"column\">\n\t\t\t<div class=\"elementor-widget-wrap elementor-element-populated\">\n\t\t\t\t\t\t<div class=\"elementor-element elementor-element-b00c83a elementor-widget elementor-widget-text-editor\" data-id=\"b00c83a\" data-element_type=\"widget\" data-e-type=\"widget\" data-widget_type=\"text-editor.default\">\n\t\t\t\t<div class=\"elementor-widget-container\">\n\t\t\t\t\t\t\t\t\t<h4>Termine der Wattwanderungen:<\/h4><h4 style=\"text-align: left;\">Mit der direkt folgenden Suchzeile &#8220;Wanderung&#8221; kannst Du die Termine vorsortieren, oder Du\u00a0 scrollst einfach in den Terminen nach unten.<\/h4><h4 style=\"text-align: left;\">Maximal 6 Karten pro Reservierung sind buchbar.<\/h4><h4 style=\"text-align: left;\">Die Preise f\u00fcr Kinder sind am Ende des Reservierungsformulars sichtbar.<\/h4><h4 style=\"text-align: left;\">Anmeldung nur \u00fcber unser Reservierungsformular.<\/h4><h4 style=\"text-align: left;\">Du erh\u00e4ltst kurzfristig eine\u00a0 Best\u00e4tigungs-E-Mail.<\/h4><h4 style=\"text-align: left;\">Die Bezahlung erfolgt vor Ort am Treffpunkt in bar oder auch kontaktlos mit Visa, Master, Google- oder Applepay.<\/h4><h4 style=\"text-align: left;\">Mindestalter f\u00fcr alle Touren: 8 Jahre und bis 14 Jahre nur in Begleitung der Erziehungsberechtigten.<\/h4><h4 style=\"text-align: left;\">M<span style=\"color: #333333;\">aximale Anzahl der Teilnehmer: siehe Information der einzelnen Touren.<\/span><\/h4><h4 style=\"text-align: left;\"><span style=\"color: #333333;\">Teilnahme an den Wattwanderungen auf eigene Gefahr<\/span><span style=\"color: #333333;\"><span style=\"color: #000f2b;\">.<\/span><\/span>\u00a0<\/h4>\t\t\t\t\t\t\t\t<\/div>\n\t\t\t\t<\/div>\n\t\t\t\t\t<\/div>\n\t\t<\/div>\n\t\t\t\t\t<\/div>\n\t\t<\/section>\n\t\t\t\t<div class=\"elementor-element elementor-element-76cd59d elementor-widget-mobile__width-initial elementor-widget elementor-widget-shortcode\" data-id=\"76cd59d\" data-element_type=\"widget\" data-e-type=\"widget\" data-widget_type=\"shortcode.default\">\n\t\t\t\t<div class=\"elementor-widget-container\">\n\t\t\t\t\t\t\t<div class=\"elementor-shortcode\"><div class=\"mec-wrap mec-skin-grid-container  \" id=\"mec_skin_2621\">\r\n\r\n    <form id=\"mec_search_form_2621\" class=\"mec-search-form mec-totalcal-box mec-dropdown-classic\" autocomplete=\"off\"><div class=\"mec-dropdown-wrap\" ><div class=\"mec-dropdown-search\"><i class=\"mec-sl-folder\"><\/i><select  name=' ' id='mec_sf_category_2621' class='postform'>\n\t<option value=''>Wanderung<\/option>\n\t<option class=\"level-0\" value=\"30\">Amrum nach F\u00f6hr f\u00fcr F\u00f6hrer G\u00e4ste<\/option>\n\t<option class=\"level-0\" value=\"33\">F\u00f6hr nach Amrum f\u00fcr F\u00f6hrer G\u00e4ste<\/option>\n\t<option class=\"level-0\" value=\"40\">F\u00f6hr zum Festland<\/option>\n\t<option class=\"level-0\" value=\"72\">Hotel Upstalsboom<\/option>\n\t<option class=\"level-0\" value=\"34\">Kormoran SonnenAufgang<\/option>\n\t<option class=\"level-0\" value=\"35\">Kormoran SonnenUntergang<\/option>\n\t<option class=\"level-0\" value=\"41\">Kormoransand<\/option>\n\t<option class=\"level-0\" value=\"31\">Oland und Langene\u00df<\/option>\n<\/select>\n<\/div><\/div><\/form>\r\n            <div class=\"mec-skin-grid-events-container\" id=\"mec_skin_events_2621\">\r\n        <div class=\"mec-wrap \">\r\n    <div class=\"mec-event-grid-classic\" data-widget-autoplay=\"1\" data-widget-loop=\"1\" data-widget-autoplay-time=\"3000\">\r\n        <div class=\"row\"><div class=\"col-md-4 col-sm-4\"><article class=\" mec-event-article mec-clear  \" itemscope>                                <div class=\"mec-event-image\"><a data-event-id=\"13284\" href=\"https:\/\/www.inselwatt.de\/foehr\/events\/gefuehrte-wattwanderung-wyk-suedstrand\/\" target=\"_self\" rel=\"noopener\"><img loading=\"lazy\" decoding=\"async\" width=\"300\" height=\"300\" src=\"https:\/\/www.inselwatt.de\/foehr\/wp-content\/uploads\/2026\/02\/gefuehrte-wattwanderung-wyk-suedstrand-300x300.jpg\" class=\"attachment-medium size-medium wp-post-image\" alt=\"Gef\u00fchrte Wattwanderung Wyk S\u00fcdstrand\" data-mec-postid=\"13284\" \/><\/a><\/div>\r\n                        <div class=\"mec-event-content\">\r\n                                    <div class=\"mec-event-date mec-bg-color\">\r\n                        <span class=\"mec-start-date-label\">24 Mai 2026<\/span>                                                                    <\/div>\r\n                                                                <h4 class=\"mec-event-title\"><a class=\"mec-color-hover\" data-event-id=\"13284\" href=\"https:\/\/www.inselwatt.de\/foehr\/events\/gefuehrte-wattwanderung-wyk-suedstrand\/\" target=\"_self\" rel=\"noopener\">Gef\u00fchrte Wattwanderung Wyk S\u00fcdstrand am  24.05.2026<\/a><span class=\"event-color\" style=\"background: #02e069\"><\/span><\/h4>\r\n                                <p class=\"mec-grid-event-location\">Hotel Upstalsboom Wyk - Terrasse, Gmelinstra\u00dfe 11 in Wyk<\/p>\r\n                                                                            <\/div>\r\n            <div class=\"mec-event-footer\">\r\n                                <ul class=\"mec-event-sharing-wrap\">\r\n                    <li class=\"mec-event-share\">\r\n                        <a href=\"#\" class=\"mec-event-share-icon\">\r\n                            <i class=\"mec-sl-share\" title=\"Teilen\" alt=\"Teilen\"><\/i>\r\n                        <\/a>\r\n                    <\/li>\r\n                    <li>\r\n                        <ul class=\"mec-event-sharing\">\r\n                                                    <\/ul>\r\n                    <\/li>\r\n                <\/ul>\r\n                                                <a class=\"mec-booking-button\" data-event-id=\"13284\" href=\"https:\/\/www.inselwatt.de\/foehr\/events\/gefuehrte-wattwanderung-wyk-suedstrand\/\" target=\"_self\" rel=\"noopener\">Reservierung<\/a>            <\/div>\r\n        <\/article><\/div>                <div class=\"col-md-4 col-sm-4\"><article class=\" mec-event-article mec-clear  \" itemscope>                                <div class=\"mec-event-image\"><a data-event-id=\"13291\" href=\"https:\/\/www.inselwatt.de\/foehr\/events\/wattwanderung-von-amrum-nach-foehr-matthias-hansen-inselwatt-de\/\" target=\"_self\" rel=\"noopener\"><img loading=\"lazy\" decoding=\"async\" width=\"300\" height=\"300\" src=\"https:\/\/www.inselwatt.de\/foehr\/wp-content\/uploads\/2026\/05\/wattfuehrung-von-amrum-nach-foehr-1-300x300.jpg\" class=\"attachment-medium size-medium wp-post-image\" alt=\"Wattf\u00fchrung von Amrum nach F\u00f6hr mit dem Nationalpark Wattf\u00fchrer Matthias Hansen\" data-mec-postid=\"13291\" \/><\/a><\/div>\r\n                        <div class=\"mec-event-content\">\r\n                                    <div class=\"mec-event-date mec-bg-color\">\r\n                        <span class=\"mec-start-date-label\">25 Mai 2026<\/span>                                                                    <\/div>\r\n                                                                <h4 class=\"mec-event-title\"><a class=\"mec-color-hover\" data-event-id=\"13291\" href=\"https:\/\/www.inselwatt.de\/foehr\/events\/wattwanderung-von-amrum-nach-foehr-matthias-hansen-inselwatt-de\/\" target=\"_self\" rel=\"noopener\">Wattwanderung von Amrum nach F\u00f6hr am 25.05.2026<\/a><span class=\"event-color\" style=\"background: #02e069\"><\/span><\/h4>\r\n                                <p class=\"mec-grid-event-location\">Wyk Hafen - Parkplatz unterhalb des WDR Geb\u00e4udes - Schwarzes Auto + blaue Flagge<\/p>\r\n                                                                            <\/div>\r\n            <div class=\"mec-event-footer\">\r\n                                <ul class=\"mec-event-sharing-wrap\">\r\n                    <li class=\"mec-event-share\">\r\n                        <a href=\"#\" class=\"mec-event-share-icon\">\r\n                            <i class=\"mec-sl-share\" title=\"Teilen\" alt=\"Teilen\"><\/i>\r\n                        <\/a>\r\n                    <\/li>\r\n                    <li>\r\n                        <ul class=\"mec-event-sharing\">\r\n                                                    <\/ul>\r\n                    <\/li>\r\n                <\/ul>\r\n                                                <a class=\"mec-booking-button\" data-event-id=\"13291\" href=\"https:\/\/www.inselwatt.de\/foehr\/events\/wattwanderung-von-amrum-nach-foehr-matthias-hansen-inselwatt-de\/\" target=\"_self\" rel=\"noopener\">Reservierung<\/a>            <\/div>\r\n        <\/article><\/div>                <div class=\"col-md-4 col-sm-4\"><article class=\" mec-event-article mec-clear  \" itemscope>                                <div class=\"mec-event-image\"><a data-event-id=\"13639\" href=\"https:\/\/www.inselwatt.de\/foehr\/events\/sonnenaufgang-wattwanderung-foehr\/\" target=\"_self\" rel=\"noopener\"><img loading=\"lazy\" decoding=\"async\" width=\"300\" height=\"300\" src=\"https:\/\/www.inselwatt.de\/foehr\/wp-content\/uploads\/2026\/02\/wattfuehrung-im-sonnenaufgang-300x300.jpg\" class=\"attachment-medium size-medium wp-post-image\" alt=\"Wattf\u00fchrung im Sonnenaufgang mit Inselwatt\" data-mec-postid=\"13639\" \/><\/a><\/div>\r\n                        <div class=\"mec-event-content\">\r\n                                    <div class=\"mec-event-date mec-bg-color\">\r\n                        <span class=\"mec-start-date-label\">26 Mai 2026<\/span>                                                                    <\/div>\r\n                                                                <h4 class=\"mec-event-title\"><a class=\"mec-color-hover\" data-event-id=\"13639\" href=\"https:\/\/www.inselwatt.de\/foehr\/events\/sonnenaufgang-wattwanderung-foehr\/\" target=\"_self\" rel=\"noopener\">Sonnenaufgang Wattwanderung F\u00f6hr am 26.05.2026<\/a><span class=\"event-color\" style=\"background: #02e069\"><\/span><\/h4>\r\n                                <p class=\"mec-grid-event-location\">F\u00f6hr Dunsum - Parkplatz am Deich - Schwarzes Auto + blaue Flagge<\/p>\r\n                                                                            <\/div>\r\n            <div class=\"mec-event-footer\">\r\n                                <ul class=\"mec-event-sharing-wrap\">\r\n                    <li class=\"mec-event-share\">\r\n                        <a href=\"#\" class=\"mec-event-share-icon\">\r\n                            <i class=\"mec-sl-share\" title=\"Teilen\" alt=\"Teilen\"><\/i>\r\n                        <\/a>\r\n                    <\/li>\r\n                    <li>\r\n                        <ul class=\"mec-event-sharing\">\r\n                                                    <\/ul>\r\n                    <\/li>\r\n                <\/ul>\r\n                                                <a class=\"mec-booking-button\" data-event-id=\"13639\" href=\"https:\/\/www.inselwatt.de\/foehr\/events\/sonnenaufgang-wattwanderung-foehr\/\" target=\"_self\" rel=\"noopener\">Reservierung<\/a>            <\/div>\r\n        <\/article><\/div><\/div>                <div class=\"row\"><div class=\"col-md-4 col-sm-4\"><article class=\" mec-event-article mec-clear  \" itemscope>                                <div class=\"mec-event-image\"><a data-event-id=\"13660\" href=\"https:\/\/www.inselwatt.de\/foehr\/events\/wattwanderung-amrum-foehr-i-inselhopping-mit-matthias-hansen-642\/\" target=\"_self\" rel=\"noopener\"><img loading=\"lazy\" decoding=\"async\" width=\"300\" height=\"300\" src=\"https:\/\/www.inselwatt.de\/foehr\/wp-content\/uploads\/2026\/05\/wattfuehrung-von-amrum-nach-foehr-1-300x300.jpg\" class=\"attachment-medium size-medium wp-post-image\" alt=\"Wattf\u00fchrung von Amrum nach F\u00f6hr mit dem Nationalpark Wattf\u00fchrer Matthias Hansen\" data-mec-postid=\"13660\" \/><\/a><\/div>\r\n                        <div class=\"mec-event-content\">\r\n                                    <div class=\"mec-event-date mec-bg-color\">\r\n                        <span class=\"mec-start-date-label\">28 Mai 2026<\/span>                                                                    <\/div>\r\n                                                                <h4 class=\"mec-event-title\"><a class=\"mec-color-hover\" data-event-id=\"13660\" href=\"https:\/\/www.inselwatt.de\/foehr\/events\/wattwanderung-amrum-foehr-i-inselhopping-mit-matthias-hansen-642\/\" target=\"_self\" rel=\"noopener\">Wattwanderung von Amrum nach F\u00f6hr am 28.05.2026<\/a><span class=\"event-color\" style=\"background: #02e069\"><\/span><\/h4>\r\n                                <p class=\"mec-grid-event-location\">Wyk Hafen - Parkplatz unterhalb des WDR Geb\u00e4udes - Schwarzes Auto + blaue Flagge<\/p>\r\n                                                                            <\/div>\r\n            <div class=\"mec-event-footer\">\r\n                                <ul class=\"mec-event-sharing-wrap\">\r\n                    <li class=\"mec-event-share\">\r\n                        <a href=\"#\" class=\"mec-event-share-icon\">\r\n                            <i class=\"mec-sl-share\" title=\"Teilen\" alt=\"Teilen\"><\/i>\r\n                        <\/a>\r\n                    <\/li>\r\n                    <li>\r\n                        <ul class=\"mec-event-sharing\">\r\n                                                    <\/ul>\r\n                    <\/li>\r\n                <\/ul>\r\n                                                <a class=\"mec-booking-button\" data-event-id=\"13660\" href=\"https:\/\/www.inselwatt.de\/foehr\/events\/wattwanderung-amrum-foehr-i-inselhopping-mit-matthias-hansen-642\/\" target=\"_self\" rel=\"noopener\">Reservierung<\/a>            <\/div>\r\n        <\/article><\/div>                <div class=\"col-md-4 col-sm-4\"><article class=\" mec-event-article mec-clear  \" itemscope>                                <div class=\"mec-event-image\"><a data-event-id=\"13664\" href=\"https:\/\/www.inselwatt.de\/foehr\/events\/sonnenuntergang-wattwanderung-foehr-am-29-05-2026\/\" target=\"_self\" rel=\"noopener\"><img loading=\"lazy\" decoding=\"async\" width=\"300\" height=\"300\" src=\"https:\/\/www.inselwatt.de\/foehr\/wp-content\/uploads\/2026\/01\/sonnenuntergang-wattfuehrung-foehr-300x300.jpg\" class=\"attachment-medium size-medium wp-post-image\" alt=\"Sonnenuntergang Wattwanderung F\u00f6hr mit Inselwatt\" data-mec-postid=\"13664\" \/><\/a><\/div>\r\n                        <div class=\"mec-event-content\">\r\n                                    <div class=\"mec-event-date mec-bg-color\">\r\n                        <span class=\"mec-start-date-label\">29 Mai 2026<\/span>                                                                    <\/div>\r\n                                                                <h4 class=\"mec-event-title\"><a class=\"mec-color-hover\" data-event-id=\"13664\" href=\"https:\/\/www.inselwatt.de\/foehr\/events\/sonnenuntergang-wattwanderung-foehr-am-29-05-2026\/\" target=\"_self\" rel=\"noopener\">Sonnenuntergang Wattwanderung F\u00f6hr am 29.05.2026<\/a><span class=\"event-color\" style=\"background: #02e069\"><\/span><\/h4>\r\n                                <p class=\"mec-grid-event-location\">F\u00f6hr Dunsum - Parkplatz am Deich - Schwarzes Auto + blaue Flagge<\/p>\r\n                                                                            <\/div>\r\n            <div class=\"mec-event-footer\">\r\n                                <ul class=\"mec-event-sharing-wrap\">\r\n                    <li class=\"mec-event-share\">\r\n                        <a href=\"#\" class=\"mec-event-share-icon\">\r\n                            <i class=\"mec-sl-share\" title=\"Teilen\" alt=\"Teilen\"><\/i>\r\n                        <\/a>\r\n                    <\/li>\r\n                    <li>\r\n                        <ul class=\"mec-event-sharing\">\r\n                                                    <\/ul>\r\n                    <\/li>\r\n                <\/ul>\r\n                                                <a class=\"mec-booking-button\" data-event-id=\"13664\" href=\"https:\/\/www.inselwatt.de\/foehr\/events\/sonnenuntergang-wattwanderung-foehr-am-29-05-2026\/\" target=\"_self\" rel=\"noopener\">Reservierung<\/a>            <\/div>\r\n        <\/article><\/div>                <div class=\"col-md-4 col-sm-4\"><article class=\" mec-event-article mec-clear  \" itemscope>                                <div class=\"mec-event-image\"><a data-event-id=\"13677\" href=\"https:\/\/www.inselwatt.de\/foehr\/events\/sonnenuntergang-wattwanderung-foehr-mit-inselwatt-foehr\/\" target=\"_self\" rel=\"noopener\"><img loading=\"lazy\" decoding=\"async\" width=\"300\" height=\"300\" src=\"https:\/\/www.inselwatt.de\/foehr\/wp-content\/uploads\/2026\/01\/sonnenuntergang-wattfuehrung-foehr-300x300.jpg\" class=\"attachment-medium size-medium wp-post-image\" alt=\"Sonnenuntergang Wattwanderung F\u00f6hr mit Inselwatt\" data-mec-postid=\"13677\" \/><\/a><\/div>\r\n                        <div class=\"mec-event-content\">\r\n                                    <div class=\"mec-event-date mec-bg-color\">\r\n                        <span class=\"mec-start-date-label\">30 Mai 2026<\/span>                                                                    <\/div>\r\n                                                                <h4 class=\"mec-event-title\"><a class=\"mec-color-hover\" data-event-id=\"13677\" href=\"https:\/\/www.inselwatt.de\/foehr\/events\/sonnenuntergang-wattwanderung-foehr-mit-inselwatt-foehr\/\" target=\"_self\" rel=\"noopener\">Sonnenuntergang Wattwanderung F\u00f6hr am 30.05.2026<\/a><span class=\"event-color\" style=\"background: #02e069\"><\/span><\/h4>\r\n                                <p class=\"mec-grid-event-location\">F\u00f6hr Dunsum - Parkplatz am Deich - Schwarzes Auto + blaue Flagge<\/p>\r\n                                                                            <\/div>\r\n            <div class=\"mec-event-footer\">\r\n                                <ul class=\"mec-event-sharing-wrap\">\r\n                    <li class=\"mec-event-share\">\r\n                        <a href=\"#\" class=\"mec-event-share-icon\">\r\n                            <i class=\"mec-sl-share\" title=\"Teilen\" alt=\"Teilen\"><\/i>\r\n                        <\/a>\r\n                    <\/li>\r\n                    <li>\r\n                        <ul class=\"mec-event-sharing\">\r\n                                                    <\/ul>\r\n                    <\/li>\r\n                <\/ul>\r\n                                                <a class=\"mec-booking-button\" data-event-id=\"13677\" href=\"https:\/\/www.inselwatt.de\/foehr\/events\/sonnenuntergang-wattwanderung-foehr-mit-inselwatt-foehr\/\" target=\"_self\" rel=\"noopener\">Reservierung<\/a>            <\/div>\r\n        <\/article><\/div><\/div>                <div class=\"row\"><div class=\"col-md-4 col-sm-4\"><article class=\" mec-event-article mec-clear  \" itemscope>                                <div class=\"mec-event-image\"><a data-event-id=\"13690\" href=\"https:\/\/www.inselwatt.de\/foehr\/events\/wattwanderung-von-foehr-nach-amrum-2\/\" target=\"_self\" rel=\"noopener\"><img loading=\"lazy\" decoding=\"async\" width=\"300\" height=\"300\" src=\"https:\/\/www.inselwatt.de\/foehr\/wp-content\/uploads\/2026\/05\/wattfuehrung-von-foehr-nach-amrum-300x300.jpg\" class=\"attachment-medium size-medium wp-post-image\" alt=\"Wattwanderung mit Nationalpark-Wattf\u00fchrer Matthias Hansen von F\u00f6hr nach Amrum\" data-mec-postid=\"13690\" \/><\/a><\/div>\r\n                        <div class=\"mec-event-content\">\r\n                                    <div class=\"mec-event-date mec-bg-color\">\r\n                        <span class=\"mec-start-date-label\">02 Juni 2026<\/span>                                                                    <\/div>\r\n                                                                <h4 class=\"mec-event-title\"><a class=\"mec-color-hover\" data-event-id=\"13690\" href=\"https:\/\/www.inselwatt.de\/foehr\/events\/wattwanderung-von-foehr-nach-amrum-2\/\" target=\"_self\" rel=\"noopener\">Wattwanderung von F\u00f6hr nach Amrum am 02.06.2026 &#8220;Early Bird&#8221;<\/a><span class=\"event-color\" style=\"background: #11d62e\"><\/span><\/h4>\r\n                                <p class=\"mec-grid-event-location\">F\u00f6hr Dunsum - Parkplatz am Deich - Schwarzes Auto + blaue Flagge<\/p>\r\n                                                                            <\/div>\r\n            <div class=\"mec-event-footer\">\r\n                                <ul class=\"mec-event-sharing-wrap\">\r\n                    <li class=\"mec-event-share\">\r\n                        <a href=\"#\" class=\"mec-event-share-icon\">\r\n                            <i class=\"mec-sl-share\" title=\"Teilen\" alt=\"Teilen\"><\/i>\r\n                        <\/a>\r\n                    <\/li>\r\n                    <li>\r\n                        <ul class=\"mec-event-sharing\">\r\n                                                    <\/ul>\r\n                    <\/li>\r\n                <\/ul>\r\n                                                <a class=\"mec-booking-button\" data-event-id=\"13690\" href=\"https:\/\/www.inselwatt.de\/foehr\/events\/wattwanderung-von-foehr-nach-amrum-2\/\" target=\"_self\" rel=\"noopener\">Reservierung<\/a>            <\/div>\r\n        <\/article><\/div>                <div class=\"col-md-4 col-sm-4\"><article class=\" mec-event-article mec-clear  \" itemscope>                                <div class=\"mec-event-image\"><a data-event-id=\"13696\" href=\"https:\/\/www.inselwatt.de\/foehr\/events\/wattfuehrung-kormoraninsel-und-seehunde-am-03-06-2026\/\" target=\"_self\" rel=\"noopener\"><img loading=\"lazy\" decoding=\"async\" width=\"300\" height=\"300\" src=\"https:\/\/www.inselwatt.de\/foehr\/wp-content\/uploads\/2026\/05\/wattwanderung-kormoraninsel-und-seehunde-300x300.jpg\" class=\"attachment-medium size-medium wp-post-image\" alt=\"Wattf\u00fchrung Kormoraninsel und Seehunde\" data-mec-postid=\"13696\" \/><\/a><\/div>\r\n                        <div class=\"mec-event-content\">\r\n                                    <div class=\"mec-event-date mec-bg-color\">\r\n                        <span class=\"mec-start-date-label\">03 Juni 2026<\/span>                                                                    <\/div>\r\n                                                                <h4 class=\"mec-event-title\"><a class=\"mec-color-hover\" data-event-id=\"13696\" href=\"https:\/\/www.inselwatt.de\/foehr\/events\/wattfuehrung-kormoraninsel-und-seehunde-am-03-06-2026\/\" target=\"_self\" rel=\"noopener\">Wattf\u00fchrung Kormoraninsel und Seehunde am 03.06.2026<\/a><span class=\"event-color\" style=\"background: #02e069\"><\/span><\/h4>\r\n                                <p class=\"mec-grid-event-location\">F\u00f6hr Dunsum - Parkplatz am Deich - Schwarzes Auto + blaue Flagge<\/p>\r\n                                                                            <\/div>\r\n            <div class=\"mec-event-footer\">\r\n                                <ul class=\"mec-event-sharing-wrap\">\r\n                    <li class=\"mec-event-share\">\r\n                        <a href=\"#\" class=\"mec-event-share-icon\">\r\n                            <i class=\"mec-sl-share\" title=\"Teilen\" alt=\"Teilen\"><\/i>\r\n                        <\/a>\r\n                    <\/li>\r\n                    <li>\r\n                        <ul class=\"mec-event-sharing\">\r\n                                                    <\/ul>\r\n                    <\/li>\r\n                <\/ul>\r\n                                                <a class=\"mec-booking-button\" data-event-id=\"13696\" href=\"https:\/\/www.inselwatt.de\/foehr\/events\/wattfuehrung-kormoraninsel-und-seehunde-am-03-06-2026\/\" target=\"_self\" rel=\"noopener\">Reservierung<\/a>            <\/div>\r\n        <\/article><\/div>                <div class=\"col-md-4 col-sm-4\"><article class=\" mec-event-article mec-clear  \" itemscope>                                <div class=\"mec-event-image\"><a data-event-id=\"13711\" href=\"https:\/\/www.inselwatt.de\/foehr\/events\/wattwanderung-von-foehr-zum-festland-2\/\" target=\"_self\" rel=\"noopener\"><img loading=\"lazy\" decoding=\"async\" width=\"300\" height=\"300\" src=\"https:\/\/www.inselwatt.de\/foehr\/wp-content\/uploads\/2026\/05\/wattfuehrung-von-foehr-zum-festland-1-300x300.jpg\" class=\"attachment-medium size-medium wp-post-image\" alt=\"Wattwanderung von F\u00f6hr zum Festland\" data-mec-postid=\"13711\" \/><\/a><\/div>\r\n                        <div class=\"mec-event-content\">\r\n                                    <div class=\"mec-event-date mec-bg-color\">\r\n                        <span class=\"mec-start-date-label\">04 Juni 2026<\/span>                                                                    <\/div>\r\n                                                                <h4 class=\"mec-event-title\"><a class=\"mec-color-hover\" data-event-id=\"13711\" href=\"https:\/\/www.inselwatt.de\/foehr\/events\/wattwanderung-von-foehr-zum-festland-2\/\" target=\"_self\" rel=\"noopener\">Wattwanderung von F\u00f6hr zum Festland am 04.06.2026<\/a><span class=\"event-color\" style=\"background: #11d62e\"><\/span><\/h4>\r\n                                <p class=\"mec-grid-event-location\">Wyk Hafen - Parkplatz unterhalb des WDR Geb\u00e4udes - Schwarzes Auto + blaue Flagge<\/p>\r\n                                                                            <\/div>\r\n            <div class=\"mec-event-footer\">\r\n                                <ul class=\"mec-event-sharing-wrap\">\r\n                    <li class=\"mec-event-share\">\r\n                        <a href=\"#\" class=\"mec-event-share-icon\">\r\n                            <i class=\"mec-sl-share\" title=\"Teilen\" alt=\"Teilen\"><\/i>\r\n                        <\/a>\r\n                    <\/li>\r\n                    <li>\r\n                        <ul class=\"mec-event-sharing\">\r\n                                                    <\/ul>\r\n                    <\/li>\r\n                <\/ul>\r\n                                                <a class=\"mec-booking-button\" data-event-id=\"13711\" href=\"https:\/\/www.inselwatt.de\/foehr\/events\/wattwanderung-von-foehr-zum-festland-2\/\" target=\"_self\" rel=\"noopener\">Reservierung<\/a>            <\/div>\r\n        <\/article><\/div><\/div>                <div class=\"row\"><div class=\"col-md-4 col-sm-4\"><article class=\" mec-event-article mec-clear  \" itemscope>                                <div class=\"mec-event-image\"><a data-event-id=\"13721\" href=\"https:\/\/www.inselwatt.de\/foehr\/events\/wattwanderung-von-foehr-nach-amrum-2-219\/\" target=\"_self\" rel=\"noopener\"><img loading=\"lazy\" decoding=\"async\" width=\"300\" height=\"300\" src=\"https:\/\/www.inselwatt.de\/foehr\/wp-content\/uploads\/2026\/05\/wattfuehrung-von-foehr-nach-amrum-300x300.jpg\" class=\"attachment-medium size-medium wp-post-image\" alt=\"Wattwanderung mit Nationalpark-Wattf\u00fchrer Matthias Hansen von F\u00f6hr nach Amrum\" data-mec-postid=\"13721\" \/><\/a><\/div>\r\n                        <div class=\"mec-event-content\">\r\n                                    <div class=\"mec-event-date mec-bg-color\">\r\n                        <span class=\"mec-start-date-label\">05 Juni 2026<\/span>                                                                    <\/div>\r\n                                                                <h4 class=\"mec-event-title\"><a class=\"mec-color-hover\" data-event-id=\"13721\" href=\"https:\/\/www.inselwatt.de\/foehr\/events\/wattwanderung-von-foehr-nach-amrum-2-219\/\" target=\"_self\" rel=\"noopener\">Wattwanderung von F\u00f6hr nach Amrum am 05.06.2026<\/a><span class=\"event-color\" style=\"background: #11d62e\"><\/span><\/h4>\r\n                                <p class=\"mec-grid-event-location\">F\u00f6hr Dunsum - Parkplatz am Deich - Schwarzes Auto + blaue Flagge<\/p>\r\n                                                                            <\/div>\r\n            <div class=\"mec-event-footer\">\r\n                                <ul class=\"mec-event-sharing-wrap\">\r\n                    <li class=\"mec-event-share\">\r\n                        <a href=\"#\" class=\"mec-event-share-icon\">\r\n                            <i class=\"mec-sl-share\" title=\"Teilen\" alt=\"Teilen\"><\/i>\r\n                        <\/a>\r\n                    <\/li>\r\n                    <li>\r\n                        <ul class=\"mec-event-sharing\">\r\n                                                    <\/ul>\r\n                    <\/li>\r\n                <\/ul>\r\n                                                <a class=\"mec-booking-button\" data-event-id=\"13721\" href=\"https:\/\/www.inselwatt.de\/foehr\/events\/wattwanderung-von-foehr-nach-amrum-2-219\/\" target=\"_self\" rel=\"noopener\">Reservierung<\/a>            <\/div>\r\n        <\/article><\/div>                <div class=\"col-md-4 col-sm-4\"><article class=\" mec-event-article mec-clear  \" itemscope>                                <div class=\"mec-event-image\"><a data-event-id=\"13755\" href=\"https:\/\/www.inselwatt.de\/foehr\/events\/wattwanderung-von-amrum-nach-foehr-matthias-hansen-inselwatt-de-670\/\" target=\"_self\" rel=\"noopener\"><img loading=\"lazy\" decoding=\"async\" width=\"300\" height=\"300\" src=\"https:\/\/www.inselwatt.de\/foehr\/wp-content\/uploads\/2026\/05\/wattfuehrung-von-amrum-nach-foehr-1-300x300.jpg\" class=\"attachment-medium size-medium wp-post-image\" alt=\"Wattf\u00fchrung von Amrum nach F\u00f6hr mit dem Nationalpark Wattf\u00fchrer Matthias Hansen\" data-mec-postid=\"13755\" \/><\/a><\/div>\r\n                        <div class=\"mec-event-content\">\r\n                                    <div class=\"mec-event-date mec-bg-color\">\r\n                        <span class=\"mec-start-date-label\">24 Juni 2026<\/span>                                                                    <\/div>\r\n                                                                <h4 class=\"mec-event-title\"><a class=\"mec-color-hover\" data-event-id=\"13755\" href=\"https:\/\/www.inselwatt.de\/foehr\/events\/wattwanderung-von-amrum-nach-foehr-matthias-hansen-inselwatt-de-670\/\" target=\"_self\" rel=\"noopener\">Wattwanderung von Amrum nach F\u00f6hr am 24.06.2026<\/a><span class=\"event-color\" style=\"background: #02e069\"><\/span><\/h4>\r\n                                <p class=\"mec-grid-event-location\">Wyk Hafen - Parkplatz unterhalb des WDR Geb\u00e4udes - Schwarzes Auto + blaue Flagge<\/p>\r\n                                                                            <\/div>\r\n            <div class=\"mec-event-footer\">\r\n                                <ul class=\"mec-event-sharing-wrap\">\r\n                    <li class=\"mec-event-share\">\r\n                        <a href=\"#\" class=\"mec-event-share-icon\">\r\n                            <i class=\"mec-sl-share\" title=\"Teilen\" alt=\"Teilen\"><\/i>\r\n                        <\/a>\r\n                    <\/li>\r\n                    <li>\r\n                        <ul class=\"mec-event-sharing\">\r\n                                                    <\/ul>\r\n                    <\/li>\r\n                <\/ul>\r\n                                                <a class=\"mec-booking-button\" data-event-id=\"13755\" href=\"https:\/\/www.inselwatt.de\/foehr\/events\/wattwanderung-von-amrum-nach-foehr-matthias-hansen-inselwatt-de-670\/\" target=\"_self\" rel=\"noopener\">Reservierung<\/a>            <\/div>\r\n        <\/article><\/div>                <div class=\"col-md-4 col-sm-4\"><article class=\" mec-event-article mec-clear  \" itemscope>                                <div class=\"mec-event-image\"><a data-event-id=\"13761\" href=\"https:\/\/www.inselwatt.de\/foehr\/events\/sonnenaufgang-wattwanderung-foehr-980\/\" target=\"_self\" rel=\"noopener\"><img loading=\"lazy\" decoding=\"async\" width=\"300\" height=\"300\" src=\"https:\/\/www.inselwatt.de\/foehr\/wp-content\/uploads\/2026\/02\/wattfuehrung-im-sonnenaufgang-300x300.jpg\" class=\"attachment-medium size-medium wp-post-image\" alt=\"Wattf\u00fchrung im Sonnenaufgang mit Inselwatt\" data-mec-postid=\"13761\" \/><\/a><\/div>\r\n                        <div class=\"mec-event-content\">\r\n                                    <div class=\"mec-event-date mec-bg-color\">\r\n                        <span class=\"mec-start-date-label\">25 Juni 2026<\/span>                                                                    <\/div>\r\n                                                                <h4 class=\"mec-event-title\"><a class=\"mec-color-hover\" data-event-id=\"13761\" href=\"https:\/\/www.inselwatt.de\/foehr\/events\/sonnenaufgang-wattwanderung-foehr-980\/\" target=\"_self\" rel=\"noopener\">Sonnenaufgang Wattwanderung F\u00f6hr am 25.06.2026<\/a><span class=\"event-color\" style=\"background: #02e069\"><\/span><\/h4>\r\n                                <p class=\"mec-grid-event-location\">F\u00f6hr Dunsum - Parkplatz am Deich - Schwarzes Auto + blaue Flagge<\/p>\r\n                                                                            <\/div>\r\n            <div class=\"mec-event-footer\">\r\n                                <ul class=\"mec-event-sharing-wrap\">\r\n                    <li class=\"mec-event-share\">\r\n                        <a href=\"#\" class=\"mec-event-share-icon\">\r\n                            <i class=\"mec-sl-share\" title=\"Teilen\" alt=\"Teilen\"><\/i>\r\n                        <\/a>\r\n                    <\/li>\r\n                    <li>\r\n                        <ul class=\"mec-event-sharing\">\r\n                                                    <\/ul>\r\n                    <\/li>\r\n                <\/ul>\r\n                                                <a class=\"mec-booking-button\" data-event-id=\"13761\" href=\"https:\/\/www.inselwatt.de\/foehr\/events\/sonnenaufgang-wattwanderung-foehr-980\/\" target=\"_self\" rel=\"noopener\">Reservierung<\/a>            <\/div>\r\n        <\/article><\/div><\/div>                        \t<\/div>\r\n<\/div>\r\n\r\n    <\/div>\r\n    <div class=\"mec-skin-grid-no-events-container mec-util-hidden\" id=\"mec_skin_no_events_2621\">\r\n        Keine Veranstaltung gefunden    <\/div>\r\n    \r\n    <div class=\"mec-load-more-wrap\"><\/div>\r\n<\/div>\r\n<\/div>\n\t\t\t\t\t\t<\/div>\n\t\t\t\t<\/div>\n\t\t\t\t\t<\/div>\n\t\t<\/div>\n\t\t\t\t\t<\/div>\n\t\t<\/section>\n\t\t\t\t<\/div>\n\t\t","protected":false},"excerpt":{"rendered":"<p>Termine F\u00f6hr Termine der Wattwanderungen: Mit der direkt folgenden Suchzeile &#8220;Wanderung&#8221; kannst Du die Termine vorsortieren, oder Du\u00a0 scrollst einfach in den Terminen nach unten. Maximal 6 Karten pro Reservierung sind buchbar. Die Preise f\u00fcr Kinder sind am Ende des Reservierungsformulars sichtbar. Anmeldung nur \u00fcber unser Reservierungsformular. Du erh\u00e4ltst kurzfristig eine\u00a0 Best\u00e4tigungs-E-Mail. Die Bezahlung erfolgt [&hellip;]<\/p>\n","protected":false},"author":1,"featured_media":0,"parent":0,"menu_order":0,"comment_status":"closed","ping_status":"closed","template":"","meta":{"_acf_changed":false,"site-sidebar-layout":"no-sidebar","site-content-layout":"plain-container","ast-site-content-layout":"normal-width-container","site-content-style":"unboxed","site-sidebar-style":"unboxed","ast-global-header-display":"","ast-banner-title-visibility":"","ast-main-header-display":"","ast-hfb-above-header-display":"","ast-hfb-below-header-display":"","ast-hfb-mobile-header-display":"","site-post-title":"disabled","ast-breadcrumbs-content":"","ast-featured-img":"","footer-sml-layout":"","ast-disable-related-posts":"","theme-transparent-header-meta":"disabled","adv-header-id-meta":"","stick-header-meta":"","header-above-stick-meta":"","header-main-stick-meta":"","header-below-stick-meta":"","astra-migrate-meta-layouts":"set","ast-page-background-enabled":"default","ast-page-background-meta":{"desktop":{"background-color":"","background-image":"","background-repeat":"repeat","background-position":"center center","background-size":"auto","background-attachment":"scroll","background-type":"","background-media":"","overlay-type":"","overlay-color":"","overlay-opacity":"","overlay-gradient":""},"tablet":{"background-color":"","background-image":"","background-repeat":"repeat","background-position":"center center","background-size":"auto","background-attachment":"scroll","background-type":"","background-media":"","overlay-type":"","overlay-color":"","overlay-opacity":"","overlay-gradient":""},"mobile":{"background-color":"","background-image":"","background-repeat":"repeat","background-position":"center center","background-size":"auto","background-attachment":"scroll","background-type":"","background-media":"","overlay-type":"","overlay-color":"","overlay-opacity":"","overlay-gradient":""}},"ast-content-background-meta":{"desktop":{"background-color":"var(--ast-global-color-5)","background-image":"","background-repeat":"repeat","background-position":"center center","background-size":"auto","background-attachment":"scroll","background-type":"","background-media":"","overlay-type":"","overlay-color":"","overlay-opacity":"","overlay-gradient":""},"tablet":{"background-color":"var(--ast-global-color-5)","background-image":"","background-repeat":"repeat","background-position":"center center","background-size":"auto","background-attachment":"scroll","background-type":"","background-media":"","overlay-type":"","overlay-color":"","overlay-opacity":"","overlay-gradient":""},"mobile":{"background-color":"var(--ast-global-color-5)","background-image":"","background-repeat":"repeat","background-position":"center center","background-size":"auto","background-attachment":"scroll","background-type":"","background-media":"","overlay-type":"","overlay-color":"","overlay-opacity":"","overlay-gradient":""}},"footnotes":""},"class_list":["post-495","page","type-page","status-publish","hentry"],"acf":[],"yoast_head":"<!-- This site is optimized with the Yoast SEO plugin v27.5 - https:\/\/yoast.com\/product\/yoast-seo-wordpress\/ -->\n<title>Termine der Wattwanderungen zwischen den Inseln - Inselwatt Foehr<\/title>\n<meta name=\"description\" content=\"Termine der Wattwanderungen.Bestimmt ist auch etwas f\u00fcr dich dabei. Es gibt interaktive Buchungsm\u00f6glichkeiten.\" \/>\n<meta name=\"robots\" content=\"index, follow, max-snippet:-1, max-image-preview:large, max-video-preview:-1\" \/>\n<link rel=\"canonical\" href=\"https:\/\/www.inselwatt.de\/foehr\/termine\/\" \/>\n<meta property=\"og:locale\" content=\"de_DE\" \/>\n<meta property=\"og:type\" content=\"article\" \/>\n<meta property=\"og:title\" content=\"Termine der Wattwanderungen zwischen den Inseln - Inselwatt Foehr\" \/>\n<meta property=\"og:description\" content=\"Termine der Wattwanderungen.Bestimmt ist auch etwas f\u00fcr dich dabei. Es gibt interaktive Buchungsm\u00f6glichkeiten.\" \/>\n<meta property=\"og:url\" content=\"https:\/\/www.inselwatt.de\/foehr\/termine\/\" \/>\n<meta property=\"og:site_name\" content=\"Inselwatt Foehr\" \/>\n<meta property=\"article:modified_time\" content=\"2026-03-25T12:46:36+00:00\" \/>\n<meta property=\"og:image\" content=\"https:\/\/www.inselwatt.de\/foehr\/wp-content\/uploads\/2026\/03\/wattfuehrer-matthias-hansen-mit-seinem-hund.jpg\" \/>\n\t<meta property=\"og:image:width\" content=\"1450\" \/>\n\t<meta property=\"og:image:height\" content=\"1450\" \/>\n\t<meta property=\"og:image:type\" content=\"image\/jpeg\" \/>\n<meta name=\"twitter:card\" content=\"summary_large_image\" \/>\n<script type=\"application\/ld+json\" class=\"yoast-schema-graph\">{\"@context\":\"https:\\\/\\\/schema.org\",\"@graph\":[{\"@type\":\"WebPage\",\"@id\":\"https:\\\/\\\/www.inselwatt.de\\\/foehr\\\/termine\\\/\",\"url\":\"https:\\\/\\\/www.inselwatt.de\\\/foehr\\\/termine\\\/\",\"name\":\"Termine der Wattwanderungen zwischen den Inseln - Inselwatt Foehr\",\"isPartOf\":{\"@id\":\"https:\\\/\\\/www.inselwatt.de\\\/foehr\\\/#website\"},\"primaryImageOfPage\":{\"@id\":\"https:\\\/\\\/www.inselwatt.de\\\/foehr\\\/termine\\\/#primaryimage\"},\"image\":{\"@id\":\"https:\\\/\\\/www.inselwatt.de\\\/foehr\\\/termine\\\/#primaryimage\"},\"thumbnailUrl\":\"https:\\\/\\\/www.inselwatt.de\\\/foehr\\\/wp-content\\\/uploads\\\/2026\\\/03\\\/wattfuehrer-matthias-hansen-mit-seinem-hund-900x900.jpg\",\"datePublished\":\"2021-03-31T15:21:42+00:00\",\"dateModified\":\"2026-03-25T12:46:36+00:00\",\"description\":\"Termine der Wattwanderungen.Bestimmt ist auch etwas f\u00fcr dich dabei. Es gibt interaktive Buchungsm\u00f6glichkeiten.\",\"breadcrumb\":{\"@id\":\"https:\\\/\\\/www.inselwatt.de\\\/foehr\\\/termine\\\/#breadcrumb\"},\"inLanguage\":\"de\",\"potentialAction\":[{\"@type\":\"ReadAction\",\"target\":[\"https:\\\/\\\/www.inselwatt.de\\\/foehr\\\/termine\\\/\"]}]},{\"@type\":\"ImageObject\",\"inLanguage\":\"de\",\"@id\":\"https:\\\/\\\/www.inselwatt.de\\\/foehr\\\/termine\\\/#primaryimage\",\"url\":\"https:\\\/\\\/www.inselwatt.de\\\/foehr\\\/wp-content\\\/uploads\\\/2026\\\/03\\\/wattfuehrer-matthias-hansen-mit-seinem-hund.jpg\",\"contentUrl\":\"https:\\\/\\\/www.inselwatt.de\\\/foehr\\\/wp-content\\\/uploads\\\/2026\\\/03\\\/wattfuehrer-matthias-hansen-mit-seinem-hund.jpg\",\"width\":1450,\"height\":1450,\"caption\":\"Wattf\u00fchrer Matthias Hansen mit Hund\"},{\"@type\":\"BreadcrumbList\",\"@id\":\"https:\\\/\\\/www.inselwatt.de\\\/foehr\\\/termine\\\/#breadcrumb\",\"itemListElement\":[{\"@type\":\"ListItem\",\"position\":1,\"name\":\"Startseite\",\"item\":\"https:\\\/\\\/www.inselwatt.de\\\/foehr\\\/\"},{\"@type\":\"ListItem\",\"position\":2,\"name\":\"Termine\"}]},{\"@type\":\"WebSite\",\"@id\":\"https:\\\/\\\/www.inselwatt.de\\\/foehr\\\/#website\",\"url\":\"https:\\\/\\\/www.inselwatt.de\\\/foehr\\\/\",\"name\":\"Inselwatt Foehr\",\"description\":\"Wattwanderungen  F\u00f6hr, Amrum, Halligen\",\"potentialAction\":[{\"@type\":\"SearchAction\",\"target\":{\"@type\":\"EntryPoint\",\"urlTemplate\":\"https:\\\/\\\/www.inselwatt.de\\\/foehr\\\/?s={search_term_string}\"},\"query-input\":{\"@type\":\"PropertyValueSpecification\",\"valueRequired\":true,\"valueName\":\"search_term_string\"}}],\"inLanguage\":\"de\"}]}<\/script>\n<!-- \/ Yoast SEO plugin. -->","yoast_head_json":{"title":"Termine der Wattwanderungen zwischen den Inseln - Inselwatt Foehr","description":"Termine der Wattwanderungen.Bestimmt ist auch etwas f\u00fcr dich dabei. Es gibt interaktive Buchungsm\u00f6glichkeiten.","robots":{"index":"index","follow":"follow","max-snippet":"max-snippet:-1","max-image-preview":"max-image-preview:large","max-video-preview":"max-video-preview:-1"},"canonical":"https:\/\/www.inselwatt.de\/foehr\/termine\/","og_locale":"de_DE","og_type":"article","og_title":"Termine der Wattwanderungen zwischen den Inseln - Inselwatt Foehr","og_description":"Termine der Wattwanderungen.Bestimmt ist auch etwas f\u00fcr dich dabei. Es gibt interaktive Buchungsm\u00f6glichkeiten.","og_url":"https:\/\/www.inselwatt.de\/foehr\/termine\/","og_site_name":"Inselwatt Foehr","article_modified_time":"2026-03-25T12:46:36+00:00","og_image":[{"width":1450,"height":1450,"url":"https:\/\/www.inselwatt.de\/foehr\/wp-content\/uploads\/2026\/03\/wattfuehrer-matthias-hansen-mit-seinem-hund.jpg","type":"image\/jpeg"}],"twitter_card":"summary_large_image","schema":{"@context":"https:\/\/schema.org","@graph":[{"@type":"WebPage","@id":"https:\/\/www.inselwatt.de\/foehr\/termine\/","url":"https:\/\/www.inselwatt.de\/foehr\/termine\/","name":"Termine der Wattwanderungen zwischen den Inseln - Inselwatt Foehr","isPartOf":{"@id":"https:\/\/www.inselwatt.de\/foehr\/#website"},"primaryImageOfPage":{"@id":"https:\/\/www.inselwatt.de\/foehr\/termine\/#primaryimage"},"image":{"@id":"https:\/\/www.inselwatt.de\/foehr\/termine\/#primaryimage"},"thumbnailUrl":"https:\/\/www.inselwatt.de\/foehr\/wp-content\/uploads\/2026\/03\/wattfuehrer-matthias-hansen-mit-seinem-hund-900x900.jpg","datePublished":"2021-03-31T15:21:42+00:00","dateModified":"2026-03-25T12:46:36+00:00","description":"Termine der Wattwanderungen.Bestimmt ist auch etwas f\u00fcr dich dabei. Es gibt interaktive Buchungsm\u00f6glichkeiten.","breadcrumb":{"@id":"https:\/\/www.inselwatt.de\/foehr\/termine\/#breadcrumb"},"inLanguage":"de","potentialAction":[{"@type":"ReadAction","target":["https:\/\/www.inselwatt.de\/foehr\/termine\/"]}]},{"@type":"ImageObject","inLanguage":"de","@id":"https:\/\/www.inselwatt.de\/foehr\/termine\/#primaryimage","url":"https:\/\/www.inselwatt.de\/foehr\/wp-content\/uploads\/2026\/03\/wattfuehrer-matthias-hansen-mit-seinem-hund.jpg","contentUrl":"https:\/\/www.inselwatt.de\/foehr\/wp-content\/uploads\/2026\/03\/wattfuehrer-matthias-hansen-mit-seinem-hund.jpg","width":1450,"height":1450,"caption":"Wattf\u00fchrer Matthias Hansen mit Hund"},{"@type":"BreadcrumbList","@id":"https:\/\/www.inselwatt.de\/foehr\/termine\/#breadcrumb","itemListElement":[{"@type":"ListItem","position":1,"name":"Startseite","item":"https:\/\/www.inselwatt.de\/foehr\/"},{"@type":"ListItem","position":2,"name":"Termine"}]},{"@type":"WebSite","@id":"https:\/\/www.inselwatt.de\/foehr\/#website","url":"https:\/\/www.inselwatt.de\/foehr\/","name":"Inselwatt Foehr","description":"Wattwanderungen  F\u00f6hr, Amrum, Halligen","potentialAction":[{"@type":"SearchAction","target":{"@type":"EntryPoint","urlTemplate":"https:\/\/www.inselwatt.de\/foehr\/?s={search_term_string}"},"query-input":{"@type":"PropertyValueSpecification","valueRequired":true,"valueName":"search_term_string"}}],"inLanguage":"de"}]}},"_links":{"self":[{"href":"https:\/\/www.inselwatt.de\/foehr\/wp-json\/wp\/v2\/pages\/495","targetHints":{"allow":["GET"]}}],"collection":[{"href":"https:\/\/www.inselwatt.de\/foehr\/wp-json\/wp\/v2\/pages"}],"about":[{"href":"https:\/\/www.inselwatt.de\/foehr\/wp-json\/wp\/v2\/types\/page"}],"author":[{"embeddable":true,"href":"https:\/\/www.inselwatt.de\/foehr\/wp-json\/wp\/v2\/users\/1"}],"replies":[{"embeddable":true,"href":"https:\/\/www.inselwatt.de\/foehr\/wp-json\/wp\/v2\/comments?post=495"}],"version-history":[{"count":450,"href":"https:\/\/www.inselwatt.de\/foehr\/wp-json\/wp\/v2\/pages\/495\/revisions"}],"predecessor-version":[{"id":14069,"href":"https:\/\/www.inselwatt.de\/foehr\/wp-json\/wp\/v2\/pages\/495\/revisions\/14069"}],"wp:attachment":[{"href":"https:\/\/www.inselwatt.de\/foehr\/wp-json\/wp\/v2\/media?parent=495"}],"curies":[{"name":"wp","href":"https:\/\/api.w.org\/{rel}","templated":true}]}}