{"id":13934,"date":"2026-02-01T17:23:28","date_gmt":"2026-02-01T16:23:28","guid":{"rendered":"https:\/\/www.inselwatt.de\/foehr\/?post_type=mec-events&#038;p=13934"},"modified":"2026-02-01T17:23:28","modified_gmt":"2026-02-01T16:23:28","slug":"sonnenaufgang-wattwanderung-foehr-606-208-605-349","status":"publish","type":"mec-events","link":"https:\/\/www.inselwatt.de\/foehr\/events\/sonnenaufgang-wattwanderung-foehr-606-208-605-349\/","title":{"rendered":"Sonnenaufgang Wattwanderung F\u00f6hr am 25.08.2026"},"content":{"rendered":"\t\t<div data-elementor-type=\"wp-post\" data-elementor-id=\"13934\" class=\"elementor elementor-13934\" data-elementor-post-type=\"mec-events\">\n\t\t\t\t\t\t<section class=\"elementor-section elementor-top-section elementor-element elementor-element-2a0e59e4 elementor-section-boxed elementor-section-height-default elementor-section-height-default\" data-id=\"2a0e59e4\" data-element_type=\"section\" data-e-type=\"section\">\n\t\t\t\t\t\t<div class=\"elementor-container elementor-column-gap-default\">\n\t\t\t\t\t<div class=\"elementor-column elementor-col-100 elementor-top-column elementor-element elementor-element-715e9dd3\" data-id=\"715e9dd3\" data-element_type=\"column\" data-e-type=\"column\">\n\t\t\t<div class=\"elementor-widget-wrap elementor-element-populated\">\n\t\t\t\t\t\t<div class=\"elementor-element elementor-element-29acbde2 elementor-widget elementor-widget-text-editor\" data-id=\"29acbde2\" data-element_type=\"widget\" data-e-type=\"widget\" data-widget_type=\"text-editor.default\">\n\t\t\t\t<div class=\"elementor-widget-container\">\n\t\t\t\t\t\t\t\t\t<h4><span style=\"color: #000080;\">Sonnenaufgang Wattwanderung F\u00f6hr,<\/span><\/h4><h4><span style=\"color: #000080;\">Die Anzahl der Teilnehmer ist bei dieser Tour auf 35 Personen begrenzt.<\/span><\/h4><h4><span style=\"color: #000080;\">Von der Insel F\u00f6hr \u00fcber Sandwatt zum Kormoransand und den Seehundsb\u00e4nken hin- und wieder zur\u00fcck.<\/span><\/h4><h4><span style=\"color: #000080;\">Du wirst Dich beim Sonnenaufgang genau zwischen F\u00f6hr und Sylt auf dem Meeresboden befinden.<\/span><\/h4><h4><span style=\"color: #000080;\">Fast immer sind Seehunde zu betrachten. Fernglas mitnehmen!<\/span><\/h4><h5><img fetchpriority=\"high\" decoding=\"async\" class=\"alignnone size-medium wp-image-13315\" src=\"https:\/\/www.inselwatt.de\/foehr\/wp-content\/uploads\/2026\/05\/wattfuehrung-zu-den-seehunden-300x300.jpg\" alt=\"Wattf\u00fchrung mit Nationalpark Wattf\u00fchrer Matthias Hansen zu den Seehundsb\u00e4nken\" width=\"300\" height=\"300\" srcset=\"https:\/\/www.inselwatt.de\/foehr\/wp-content\/uploads\/2026\/05\/wattfuehrung-zu-den-seehunden-300x300.jpg 300w, https:\/\/www.inselwatt.de\/foehr\/wp-content\/uploads\/2026\/05\/wattfuehrung-zu-den-seehunden-900x900.jpg 900w, https:\/\/www.inselwatt.de\/foehr\/wp-content\/uploads\/2026\/05\/wattfuehrung-zu-den-seehunden-150x150.jpg 150w, https:\/\/www.inselwatt.de\/foehr\/wp-content\/uploads\/2026\/05\/wattfuehrung-zu-den-seehunden-768x768.jpg 768w, https:\/\/www.inselwatt.de\/foehr\/wp-content\/uploads\/2026\/05\/wattfuehrung-zu-den-seehunden-500x500.jpg 500w, https:\/\/www.inselwatt.de\/foehr\/wp-content\/uploads\/2026\/05\/wattfuehrung-zu-den-seehunden.jpg 1117w\" sizes=\"(max-width: 300px) 100vw, 300px\" \/><\/h5><h4>\u00a0<\/h4><h4><span style=\"color: #000080;\">Sandwatt, ideal f\u00fcr Muschelsammler und\u00a0Entdecker.<\/span><\/h4><h4><span style=\"color: #000080;\">Die Wanderung endet am Startpunkt (Parkplatz Dunsum).<\/span><\/h4><h4><span style=\"color: #000080;\">Im Watt ist es morgens immer frisch. Fleece, dicke Jacke und Pudelm\u00fctze mitnehmen.<\/span><\/h4><h4><span style=\"color: #000080;\">Du hast richtig gesehen. Die angegebene\u00a0 Startzeit ist sehr fr\u00fch morgens!<\/span><\/h4><h4><span style=\"color: #000080;\">Der gro\u00dfe Vorteil dieser Tour:<\/span><\/h4><h4><span style=\"color: #000080;\">Ein einmaliges Erlebnis und Du bist vor dem Fr\u00fchst\u00fcck wieder zu Hause.<\/span><\/h4><h4 style=\"text-align: left;\"><strong><span style=\"text-decoration: underline;\"><span style=\"color: #000080; text-decoration: underline;\">Daten der Tour<\/span><\/span><\/strong><\/h4><h4><span style=\"color: #000080;\">Dauer der Tour: <\/span><span style=\"color: #000080;\">3,5 Stunden<\/span><\/h4><h4><span style=\"color: #000080;\"> Maximale Teilnehmeranzahl: 35<\/span><\/h4><h4><span style=\"color: #000080;\">Laufstrecke: 9 km<\/span><\/h4><h4><span style=\"color: #000080;\">Wassertiefe im Priel: maximal Knietief<\/span><\/h4><div><span style=\"color: #000080;\">\u00a0<\/span><\/div><p><a href=\"https:\/\/www.inselwatt.de\/foehr\/termine\/\"><img decoding=\"async\" class=\"alignnone wp-image-2430 size-full\" src=\"https:\/\/www.inselwatt.de\/foehr\/wp-content\/uploads\/2021\/05\/bt_termine.png\" alt=\"\" width=\"135\" height=\"43\" \/><\/a><\/p><h5><a href=\"http:\/\/www.instagram.com\/inselwatt\"><img decoding=\"async\" class=\"\" src=\"https:\/\/www.inselwatt.de\/foehr\/wp-content\/uploads\/2021\/08\/600px-Instagram_icon.png\" width=\"40\" height=\"40\" \/><\/a> #inselwatt<\/h5>\t\t\t\t\t\t\t\t<\/div>\n\t\t\t\t<\/div>\n\t\t\t\t\t<\/div>\n\t\t<\/div>\n\t\t\t\t\t<\/div>\n\t\t<\/section>\n\t\t\t\t<\/div>\n\t\t","protected":false},"excerpt":{"rendered":"<p>Sonnenaufgang Wattwanderung F\u00f6hr, Die Anzahl der Teilnehmer ist bei dieser Tour auf 35 Personen begrenzt. Von der Insel F\u00f6hr \u00fcber Sandwatt zum Kormoransand und den Seehundsb\u00e4nken hin- und wieder zur\u00fcck. Du wirst Dich beim Sonnenaufgang genau zwischen F\u00f6hr und Sylt auf dem Meeresboden befinden. Fast immer sind Seehunde zu betrachten. Fernglas mitnehmen! Sandwatt, ideal f\u00fcr [&hellip;]<\/p>\n","protected":false},"author":1,"featured_media":13791,"comment_status":"closed","ping_status":"closed","template":"","meta":{"_acf_changed":false,"site-sidebar-layout":"default","site-content-layout":"default","ast-site-content-layout":"default","site-content-style":"default","site-sidebar-style":"default","ast-global-header-display":"","ast-banner-title-visibility":"","ast-main-header-display":"","ast-hfb-above-header-display":"","ast-hfb-below-header-display":"","ast-hfb-mobile-header-display":"","site-post-title":"","ast-breadcrumbs-content":"","ast-featured-img":"","footer-sml-layout":"","ast-disable-related-posts":"","theme-transparent-header-meta":"default","adv-header-id-meta":"","stick-header-meta":"","header-above-stick-meta":"","header-main-stick-meta":"","header-below-stick-meta":"","astra-migrate-meta-layouts":"set","ast-page-background-enabled":"default","ast-page-background-meta":{"desktop":{"background-color":"","background-image":"","background-repeat":"repeat","background-position":"center center","background-size":"auto","background-attachment":"scroll","background-type":"","background-media":"","overlay-type":"","overlay-color":"","overlay-opacity":"","overlay-gradient":""},"tablet":{"background-color":"","background-image":"","background-repeat":"repeat","background-position":"center center","background-size":"auto","background-attachment":"scroll","background-type":"","background-media":"","overlay-type":"","overlay-color":"","overlay-opacity":"","overlay-gradient":""},"mobile":{"background-color":"","background-image":"","background-repeat":"repeat","background-position":"center center","background-size":"auto","background-attachment":"scroll","background-type":"","background-media":"","overlay-type":"","overlay-color":"","overlay-opacity":"","overlay-gradient":""}},"ast-content-background-meta":{"desktop":{"background-color":"var(--ast-global-color-5)","background-image":"","background-repeat":"repeat","background-position":"center center","background-size":"auto","background-attachment":"scroll","background-type":"","background-media":"","overlay-type":"","overlay-color":"","overlay-opacity":"","overlay-gradient":""},"tablet":{"background-color":"var(--ast-global-color-5)","background-image":"","background-repeat":"repeat","background-position":"center center","background-size":"auto","background-attachment":"scroll","background-type":"","background-media":"","overlay-type":"","overlay-color":"","overlay-opacity":"","overlay-gradient":""},"mobile":{"background-color":"var(--ast-global-color-5)","background-image":"","background-repeat":"repeat","background-position":"center center","background-size":"auto","background-attachment":"scroll","background-type":"","background-media":"","overlay-type":"","overlay-color":"","overlay-opacity":"","overlay-gradient":""}}},"tags":[],"mec_category":[34],"class_list":["post-13934","mec-events","type-mec-events","status-publish","has-post-thumbnail","hentry","mec_category-kormoran-sonnenaufgang"],"acf":[],"yoast_head":"<!-- This site is optimized with the Yoast SEO plugin v27.5 - https:\/\/yoast.com\/product\/yoast-seo-wordpress\/ -->\n<title>Sonnenaufgang Wattwanderung F\u00f6hr am 25.08.2026 - Inselwatt Foehr<\/title>\n<meta name=\"description\" content=\"Sonnenaufgang Wattwanderung F\u00f6hr: Auf dem Meeresboden zwischen F\u00f6hr und Sylt den Sonnenaufgang sehen. Ein unvergessliches Erlebnis.\" \/>\n<meta name=\"robots\" content=\"index, nofollow, max-snippet:-1, max-image-preview:large, max-video-preview:-1\" \/>\n<link rel=\"canonical\" href=\"https:\/\/www.inselwatt.de\/foehr\/events\/sonnenaufgang-wattwanderung-foehr-606-208-605-349\/\" \/>\n<meta property=\"og:locale\" content=\"de_DE\" \/>\n<meta property=\"og:type\" content=\"article\" \/>\n<meta property=\"og:title\" content=\"Sonnenaufgang Wattwanderung F\u00f6hr am 25.08.2026 - Inselwatt Foehr\" \/>\n<meta property=\"og:description\" content=\"Sonnenaufgang Wattwanderung F\u00f6hr: Auf dem Meeresboden zwischen F\u00f6hr und Sylt den Sonnenaufgang sehen. Ein unvergessliches Erlebnis.\" \/>\n<meta property=\"og:url\" content=\"https:\/\/www.inselwatt.de\/foehr\/events\/sonnenaufgang-wattwanderung-foehr-606-208-605-349\/\" \/>\n<meta property=\"og:site_name\" content=\"Inselwatt Foehr\" \/>\n<meta property=\"og:image\" content=\"https:\/\/www.inselwatt.de\/foehr\/wp-content\/uploads\/2026\/02\/wattfuehrung-im-sonnenaufgang.jpg\" \/>\n\t<meta property=\"og:image:width\" content=\"1400\" \/>\n\t<meta property=\"og:image:height\" content=\"1400\" \/>\n\t<meta property=\"og:image:type\" content=\"image\/jpeg\" \/>\n<meta name=\"twitter:card\" content=\"summary_large_image\" \/>\n<script type=\"application\/ld+json\" class=\"yoast-schema-graph\">{\"@context\":\"https:\\\/\\\/schema.org\",\"@graph\":[{\"@type\":\"WebPage\",\"@id\":\"https:\\\/\\\/www.inselwatt.de\\\/foehr\\\/events\\\/sonnenaufgang-wattwanderung-foehr-606-208-605-349\\\/\",\"url\":\"https:\\\/\\\/www.inselwatt.de\\\/foehr\\\/events\\\/sonnenaufgang-wattwanderung-foehr-606-208-605-349\\\/\",\"name\":\"Sonnenaufgang Wattwanderung F\u00f6hr am 25.08.2026 - Inselwatt Foehr\",\"isPartOf\":{\"@id\":\"https:\\\/\\\/www.inselwatt.de\\\/foehr\\\/#website\"},\"primaryImageOfPage\":{\"@id\":\"https:\\\/\\\/www.inselwatt.de\\\/foehr\\\/events\\\/sonnenaufgang-wattwanderung-foehr-606-208-605-349\\\/#primaryimage\"},\"image\":{\"@id\":\"https:\\\/\\\/www.inselwatt.de\\\/foehr\\\/events\\\/sonnenaufgang-wattwanderung-foehr-606-208-605-349\\\/#primaryimage\"},\"thumbnailUrl\":\"https:\\\/\\\/www.inselwatt.de\\\/foehr\\\/wp-content\\\/uploads\\\/2026\\\/02\\\/wattfuehrung-im-sonnenaufgang.jpg\",\"datePublished\":\"2026-02-01T16:23:28+00:00\",\"description\":\"Sonnenaufgang Wattwanderung F\u00f6hr: Auf dem Meeresboden zwischen F\u00f6hr und Sylt den Sonnenaufgang sehen. Ein unvergessliches Erlebnis.\",\"breadcrumb\":{\"@id\":\"https:\\\/\\\/www.inselwatt.de\\\/foehr\\\/events\\\/sonnenaufgang-wattwanderung-foehr-606-208-605-349\\\/#breadcrumb\"},\"inLanguage\":\"de\",\"potentialAction\":[{\"@type\":\"ReadAction\",\"target\":[\"https:\\\/\\\/www.inselwatt.de\\\/foehr\\\/events\\\/sonnenaufgang-wattwanderung-foehr-606-208-605-349\\\/\"]}]},{\"@type\":\"ImageObject\",\"inLanguage\":\"de\",\"@id\":\"https:\\\/\\\/www.inselwatt.de\\\/foehr\\\/events\\\/sonnenaufgang-wattwanderung-foehr-606-208-605-349\\\/#primaryimage\",\"url\":\"https:\\\/\\\/www.inselwatt.de\\\/foehr\\\/wp-content\\\/uploads\\\/2026\\\/02\\\/wattfuehrung-im-sonnenaufgang.jpg\",\"contentUrl\":\"https:\\\/\\\/www.inselwatt.de\\\/foehr\\\/wp-content\\\/uploads\\\/2026\\\/02\\\/wattfuehrung-im-sonnenaufgang.jpg\",\"width\":1400,\"height\":1400,\"caption\":\"Wattf\u00fchrung im Sonnenaufgang mit Inselwatt\"},{\"@type\":\"BreadcrumbList\",\"@id\":\"https:\\\/\\\/www.inselwatt.de\\\/foehr\\\/events\\\/sonnenaufgang-wattwanderung-foehr-606-208-605-349\\\/#breadcrumb\",\"itemListElement\":[{\"@type\":\"ListItem\",\"position\":1,\"name\":\"Startseite\",\"item\":\"https:\\\/\\\/www.inselwatt.de\\\/foehr\\\/\"},{\"@type\":\"ListItem\",\"position\":2,\"name\":\"Veranstaltungen\",\"item\":\"https:\\\/\\\/www.inselwatt.de\\\/foehr\\\/events\\\/\"},{\"@type\":\"ListItem\",\"position\":3,\"name\":\"Sonnenaufgang Wattwanderung F\u00f6hr am 25.08.2026\"}]},{\"@type\":\"WebSite\",\"@id\":\"https:\\\/\\\/www.inselwatt.de\\\/foehr\\\/#website\",\"url\":\"https:\\\/\\\/www.inselwatt.de\\\/foehr\\\/\",\"name\":\"Inselwatt Foehr\",\"description\":\"Wattwanderungen  F\u00f6hr, Amrum, Halligen\",\"potentialAction\":[{\"@type\":\"SearchAction\",\"target\":{\"@type\":\"EntryPoint\",\"urlTemplate\":\"https:\\\/\\\/www.inselwatt.de\\\/foehr\\\/?s={search_term_string}\"},\"query-input\":{\"@type\":\"PropertyValueSpecification\",\"valueRequired\":true,\"valueName\":\"search_term_string\"}}],\"inLanguage\":\"de\"}]}<\/script>\n<!-- \/ Yoast SEO plugin. -->","yoast_head_json":{"title":"Sonnenaufgang Wattwanderung F\u00f6hr am 25.08.2026 - Inselwatt Foehr","description":"Sonnenaufgang Wattwanderung F\u00f6hr: Auf dem Meeresboden zwischen F\u00f6hr und Sylt den Sonnenaufgang sehen. Ein unvergessliches Erlebnis.","robots":{"index":"index","follow":"nofollow","max-snippet":"max-snippet:-1","max-image-preview":"max-image-preview:large","max-video-preview":"max-video-preview:-1"},"canonical":"https:\/\/www.inselwatt.de\/foehr\/events\/sonnenaufgang-wattwanderung-foehr-606-208-605-349\/","og_locale":"de_DE","og_type":"article","og_title":"Sonnenaufgang Wattwanderung F\u00f6hr am 25.08.2026 - Inselwatt Foehr","og_description":"Sonnenaufgang Wattwanderung F\u00f6hr: Auf dem Meeresboden zwischen F\u00f6hr und Sylt den Sonnenaufgang sehen. Ein unvergessliches Erlebnis.","og_url":"https:\/\/www.inselwatt.de\/foehr\/events\/sonnenaufgang-wattwanderung-foehr-606-208-605-349\/","og_site_name":"Inselwatt Foehr","og_image":[{"width":1400,"height":1400,"url":"https:\/\/www.inselwatt.de\/foehr\/wp-content\/uploads\/2026\/02\/wattfuehrung-im-sonnenaufgang.jpg","type":"image\/jpeg"}],"twitter_card":"summary_large_image","schema":{"@context":"https:\/\/schema.org","@graph":[{"@type":"WebPage","@id":"https:\/\/www.inselwatt.de\/foehr\/events\/sonnenaufgang-wattwanderung-foehr-606-208-605-349\/","url":"https:\/\/www.inselwatt.de\/foehr\/events\/sonnenaufgang-wattwanderung-foehr-606-208-605-349\/","name":"Sonnenaufgang Wattwanderung F\u00f6hr am 25.08.2026 - Inselwatt Foehr","isPartOf":{"@id":"https:\/\/www.inselwatt.de\/foehr\/#website"},"primaryImageOfPage":{"@id":"https:\/\/www.inselwatt.de\/foehr\/events\/sonnenaufgang-wattwanderung-foehr-606-208-605-349\/#primaryimage"},"image":{"@id":"https:\/\/www.inselwatt.de\/foehr\/events\/sonnenaufgang-wattwanderung-foehr-606-208-605-349\/#primaryimage"},"thumbnailUrl":"https:\/\/www.inselwatt.de\/foehr\/wp-content\/uploads\/2026\/02\/wattfuehrung-im-sonnenaufgang.jpg","datePublished":"2026-02-01T16:23:28+00:00","description":"Sonnenaufgang Wattwanderung F\u00f6hr: Auf dem Meeresboden zwischen F\u00f6hr und Sylt den Sonnenaufgang sehen. Ein unvergessliches Erlebnis.","breadcrumb":{"@id":"https:\/\/www.inselwatt.de\/foehr\/events\/sonnenaufgang-wattwanderung-foehr-606-208-605-349\/#breadcrumb"},"inLanguage":"de","potentialAction":[{"@type":"ReadAction","target":["https:\/\/www.inselwatt.de\/foehr\/events\/sonnenaufgang-wattwanderung-foehr-606-208-605-349\/"]}]},{"@type":"ImageObject","inLanguage":"de","@id":"https:\/\/www.inselwatt.de\/foehr\/events\/sonnenaufgang-wattwanderung-foehr-606-208-605-349\/#primaryimage","url":"https:\/\/www.inselwatt.de\/foehr\/wp-content\/uploads\/2026\/02\/wattfuehrung-im-sonnenaufgang.jpg","contentUrl":"https:\/\/www.inselwatt.de\/foehr\/wp-content\/uploads\/2026\/02\/wattfuehrung-im-sonnenaufgang.jpg","width":1400,"height":1400,"caption":"Wattf\u00fchrung im Sonnenaufgang mit Inselwatt"},{"@type":"BreadcrumbList","@id":"https:\/\/www.inselwatt.de\/foehr\/events\/sonnenaufgang-wattwanderung-foehr-606-208-605-349\/#breadcrumb","itemListElement":[{"@type":"ListItem","position":1,"name":"Startseite","item":"https:\/\/www.inselwatt.de\/foehr\/"},{"@type":"ListItem","position":2,"name":"Veranstaltungen","item":"https:\/\/www.inselwatt.de\/foehr\/events\/"},{"@type":"ListItem","position":3,"name":"Sonnenaufgang Wattwanderung F\u00f6hr am 25.08.2026"}]},{"@type":"WebSite","@id":"https:\/\/www.inselwatt.de\/foehr\/#website","url":"https:\/\/www.inselwatt.de\/foehr\/","name":"Inselwatt Foehr","description":"Wattwanderungen  F\u00f6hr, Amrum, Halligen","potentialAction":[{"@type":"SearchAction","target":{"@type":"EntryPoint","urlTemplate":"https:\/\/www.inselwatt.de\/foehr\/?s={search_term_string}"},"query-input":{"@type":"PropertyValueSpecification","valueRequired":true,"valueName":"search_term_string"}}],"inLanguage":"de"}]}},"_links":{"self":[{"href":"https:\/\/www.inselwatt.de\/foehr\/wp-json\/wp\/v2\/mec-events\/13934","targetHints":{"allow":["GET"]}}],"collection":[{"href":"https:\/\/www.inselwatt.de\/foehr\/wp-json\/wp\/v2\/mec-events"}],"about":[{"href":"https:\/\/www.inselwatt.de\/foehr\/wp-json\/wp\/v2\/types\/mec-events"}],"author":[{"embeddable":true,"href":"https:\/\/www.inselwatt.de\/foehr\/wp-json\/wp\/v2\/users\/1"}],"replies":[{"embeddable":true,"href":"https:\/\/www.inselwatt.de\/foehr\/wp-json\/wp\/v2\/comments?post=13934"}],"version-history":[{"count":1,"href":"https:\/\/www.inselwatt.de\/foehr\/wp-json\/wp\/v2\/mec-events\/13934\/revisions"}],"predecessor-version":[{"id":13935,"href":"https:\/\/www.inselwatt.de\/foehr\/wp-json\/wp\/v2\/mec-events\/13934\/revisions\/13935"}],"wp:featuredmedia":[{"embeddable":true,"href":"https:\/\/www.inselwatt.de\/foehr\/wp-json\/wp\/v2\/media\/13791"}],"wp:attachment":[{"href":"https:\/\/www.inselwatt.de\/foehr\/wp-json\/wp\/v2\/media?parent=13934"}],"wp:term":[{"taxonomy":"post_tag","embeddable":true,"href":"https:\/\/www.inselwatt.de\/foehr\/wp-json\/wp\/v2\/tags?post=13934"},{"taxonomy":"mec_category","embeddable":true,"href":"https:\/\/www.inselwatt.de\/foehr\/wp-json\/wp\/v2\/mec_category?post=13934"}],"curies":[{"name":"wp","href":"https:\/\/api.w.org\/{rel}","templated":true}]}}