{"id":13878,"date":"2026-02-01T16:35:50","date_gmt":"2026-02-01T15:35:50","guid":{"rendered":"https:\/\/www.inselwatt.de\/foehr\/?post_type=mec-events&#038;p=13878"},"modified":"2026-02-23T14:55:26","modified_gmt":"2026-02-23T13:55:26","slug":"gefuehrte-wattwanderung-wyk-suedstrand-318","status":"publish","type":"mec-events","link":"https:\/\/www.inselwatt.de\/foehr\/events\/gefuehrte-wattwanderung-wyk-suedstrand-318\/","title":{"rendered":"Gef\u00fchrte Wattwanderung Wyk S\u00fcdstrand am  23.07.2026"},"content":{"rendered":"\t\t<div data-elementor-type=\"wp-post\" data-elementor-id=\"13878\" class=\"elementor elementor-13878\" data-elementor-post-type=\"mec-events\">\n\t\t\t\t\t\t<section class=\"elementor-section elementor-top-section elementor-element elementor-element-24e8167b elementor-section-boxed elementor-section-height-default elementor-section-height-default\" data-id=\"24e8167b\" data-element_type=\"section\" data-e-type=\"section\">\n\t\t\t\t\t\t<div class=\"elementor-container elementor-column-gap-default\">\n\t\t\t\t\t<div class=\"elementor-column elementor-col-100 elementor-top-column elementor-element elementor-element-30b48963\" data-id=\"30b48963\" data-element_type=\"column\" data-e-type=\"column\">\n\t\t\t<div class=\"elementor-widget-wrap elementor-element-populated\">\n\t\t\t\t\t\t<div class=\"elementor-element elementor-element-743283ff elementor-widget elementor-widget-text-editor\" data-id=\"743283ff\" data-element_type=\"widget\" data-e-type=\"widget\" data-widget_type=\"text-editor.default\">\n\t\t\t\t<div class=\"elementor-widget-container\">\n\t\t\t\t\t\t\t\t\t<h2 style=\"text-align: center;\"><strong><span style=\"color: #003366;\">Die unendlichen Weiten des Wattes<\/span><\/strong><\/h2><h5>Gef\u00fchrte Wattwanderung Wyk S\u00fcdstrand<\/h5><h5>Direkt vor dem Hotel geht es los.<\/h5><h5>Richtung Langene\u00df laufen wir auf festem Sandwatt bis zur Fahrrinne. Da das Watt an dieser Stelle sehr wenig Muscheln hat, kann man diese Tour auf dem Meeresboden sehr gut barfu\u00df absolvieren. Alternativ sind auch Wasserschuhe, alte Turnschuhe oder Neoprensocken m\u00f6glich.<\/h5><h5>Dabei wird das Watt, die Lebewesen im Watt, Ebbe und Flut und andere spannende Sachen erkl\u00e4rt.<\/h5><h5>F\u00fcr alle Altersklassen zwischen 5 + 105 Jahren ist etwas dabei.<\/h5><h5>\u00a0<\/h5><h5>Zum Beispiel:\u00a0 \u00a0Was habe ich auf dem Foto in der Hand?<\/h5><p><img fetchpriority=\"high\" decoding=\"async\" class=\"size-medium wp-image-13509\" src=\"https:\/\/www.inselwatt.de\/foehr\/wp-content\/uploads\/2026\/05\/matthias-hansen-mit-einem-baumchenroehrenwurm-300x300.jpg\" alt=\"Wattf\u00fchrer Matthias Hansen mit einem B\u00e4umchenr\u00f6hrenwurm.\" width=\"300\" height=\"300\" srcset=\"https:\/\/www.inselwatt.de\/foehr\/wp-content\/uploads\/2026\/05\/matthias-hansen-mit-einem-baumchenroehrenwurm-300x300.jpg 300w, https:\/\/www.inselwatt.de\/foehr\/wp-content\/uploads\/2026\/05\/matthias-hansen-mit-einem-baumchenroehrenwurm-900x900.jpg 900w, https:\/\/www.inselwatt.de\/foehr\/wp-content\/uploads\/2026\/05\/matthias-hansen-mit-einem-baumchenroehrenwurm-150x150.jpg 150w, https:\/\/www.inselwatt.de\/foehr\/wp-content\/uploads\/2026\/05\/matthias-hansen-mit-einem-baumchenroehrenwurm-768x768.jpg 768w, https:\/\/www.inselwatt.de\/foehr\/wp-content\/uploads\/2026\/05\/matthias-hansen-mit-einem-baumchenroehrenwurm-500x500.jpg 500w, https:\/\/www.inselwatt.de\/foehr\/wp-content\/uploads\/2026\/05\/matthias-hansen-mit-einem-baumchenroehrenwurm.jpg 1500w\" sizes=\"(max-width: 300px) 100vw, 300px\" \/><\/p><h5>Nach 2 Stunden sind wir wieder am Strand vor dem Hotel zur\u00fcck.<\/h5><h4>\u00a0<\/h4><h4 style=\"text-align: left;\"><span style=\"text-decoration: underline;\"><span style=\"color: #000080; text-decoration: underline;\">Daten der Tour<\/span><\/span><\/h4><h5><span style=\"color: #000080;\">Gef\u00fchrte Wattwanderung Wyk S\u00fcdstrand<\/span><\/h5><h5><span style=\"color: #000080;\">Gesamtdauer: 2 Stunden.<\/span><\/h5><h5><span style=\"color: #000080;\">Laufstrecke 3 km<\/span><\/h5><h5><span style=\"color: #000080;\">Wassertiefe im Priel: maximal Knietief<\/span><\/h5><p><a href=\"https:\/\/www.inselwatt.de\/foehr\/termine\/\"><img decoding=\"async\" class=\"alignnone wp-image-2430 size-full\" src=\"https:\/\/www.inselwatt.de\/foehr\/wp-content\/uploads\/2021\/05\/bt_termine.png\" alt=\"\" width=\"135\" height=\"43\" \/><\/a><\/p><h5><a href=\"http:\/\/www.instagram.com\/inselwatt\"><img decoding=\"async\" class=\"\" src=\"https:\/\/www.inselwatt.de\/foehr\/wp-content\/uploads\/2021\/08\/600px-Instagram_icon.png\" width=\"40\" height=\"40\" \/><\/a> #inselwatt<\/h5>\t\t\t\t\t\t\t\t<\/div>\n\t\t\t\t<\/div>\n\t\t\t\t\t<\/div>\n\t\t<\/div>\n\t\t\t\t\t<\/div>\n\t\t<\/section>\n\t\t\t\t<\/div>\n\t\t","protected":false},"excerpt":{"rendered":"<p>Die unendlichen Weiten des Wattes Gef\u00fchrte Wattwanderung Wyk S\u00fcdstrand Direkt vor dem Hotel geht es los. Richtung Langene\u00df laufen wir auf festem Sandwatt bis zur Fahrrinne. Da das Watt an dieser Stelle sehr wenig Muscheln hat, kann man diese Tour auf dem Meeresboden sehr gut barfu\u00df absolvieren. Alternativ sind auch Wasserschuhe, alte Turnschuhe oder Neoprensocken [&hellip;]<\/p>\n","protected":false},"author":1,"featured_media":13979,"comment_status":"closed","ping_status":"closed","template":"","meta":{"_acf_changed":false,"site-sidebar-layout":"default","site-content-layout":"default","ast-site-content-layout":"default","site-content-style":"default","site-sidebar-style":"default","ast-global-header-display":"","ast-banner-title-visibility":"","ast-main-header-display":"","ast-hfb-above-header-display":"","ast-hfb-below-header-display":"","ast-hfb-mobile-header-display":"","site-post-title":"","ast-breadcrumbs-content":"","ast-featured-img":"","footer-sml-layout":"","ast-disable-related-posts":"","theme-transparent-header-meta":"default","adv-header-id-meta":"","stick-header-meta":"","header-above-stick-meta":"","header-main-stick-meta":"","header-below-stick-meta":"","astra-migrate-meta-layouts":"set","ast-page-background-enabled":"default","ast-page-background-meta":{"desktop":{"background-color":"","background-image":"","background-repeat":"repeat","background-position":"center center","background-size":"auto","background-attachment":"scroll","background-type":"","background-media":"","overlay-type":"","overlay-color":"","overlay-opacity":"","overlay-gradient":""},"tablet":{"background-color":"","background-image":"","background-repeat":"repeat","background-position":"center center","background-size":"auto","background-attachment":"scroll","background-type":"","background-media":"","overlay-type":"","overlay-color":"","overlay-opacity":"","overlay-gradient":""},"mobile":{"background-color":"","background-image":"","background-repeat":"repeat","background-position":"center center","background-size":"auto","background-attachment":"scroll","background-type":"","background-media":"","overlay-type":"","overlay-color":"","overlay-opacity":"","overlay-gradient":""}},"ast-content-background-meta":{"desktop":{"background-color":"var(--ast-global-color-5)","background-image":"","background-repeat":"repeat","background-position":"center center","background-size":"auto","background-attachment":"scroll","background-type":"","background-media":"","overlay-type":"","overlay-color":"","overlay-opacity":"","overlay-gradient":""},"tablet":{"background-color":"var(--ast-global-color-5)","background-image":"","background-repeat":"repeat","background-position":"center center","background-size":"auto","background-attachment":"scroll","background-type":"","background-media":"","overlay-type":"","overlay-color":"","overlay-opacity":"","overlay-gradient":""},"mobile":{"background-color":"var(--ast-global-color-5)","background-image":"","background-repeat":"repeat","background-position":"center center","background-size":"auto","background-attachment":"scroll","background-type":"","background-media":"","overlay-type":"","overlay-color":"","overlay-opacity":"","overlay-gradient":""}}},"tags":[],"mec_category":[72],"class_list":["post-13878","mec-events","type-mec-events","status-publish","has-post-thumbnail","hentry","mec_category-hotel-upstalsboom"],"acf":[],"yoast_head":"<!-- This site is optimized with the Yoast SEO plugin v27.5 - https:\/\/yoast.com\/product\/yoast-seo-wordpress\/ -->\n<title>Gef\u00fchrte Wattwanderung Wyk S\u00fcdstrand am 23.07.2026 - Inselwatt Foehr<\/title>\n<meta name=\"description\" content=\"Gef\u00fchrte Wattwanderung Wyk S\u00fcdstrand. Mit Matthias Hansen barfuss auf dem Meeresboden. Ein unvergessliches Erlebnis.\" \/>\n<meta name=\"robots\" content=\"index, nofollow, max-snippet:-1, max-image-preview:large, max-video-preview:-1\" \/>\n<link rel=\"canonical\" href=\"https:\/\/www.inselwatt.de\/foehr\/events\/gefuehrte-wattwanderung-wyk-suedstrand-318\/\" \/>\n<meta property=\"og:locale\" content=\"de_DE\" \/>\n<meta property=\"og:type\" content=\"article\" \/>\n<meta property=\"og:title\" content=\"Gef\u00fchrte Wattwanderung Wyk S\u00fcdstrand am 23.07.2026 - Inselwatt Foehr\" \/>\n<meta property=\"og:description\" content=\"Gef\u00fchrte Wattwanderung Wyk S\u00fcdstrand. Mit Matthias Hansen barfuss auf dem Meeresboden. Ein unvergessliches Erlebnis.\" \/>\n<meta property=\"og:url\" content=\"https:\/\/www.inselwatt.de\/foehr\/events\/gefuehrte-wattwanderung-wyk-suedstrand-318\/\" \/>\n<meta property=\"og:site_name\" content=\"Inselwatt Foehr\" \/>\n<meta property=\"article:modified_time\" content=\"2026-02-23T13:55:26+00:00\" \/>\n<meta property=\"og:image\" content=\"https:\/\/www.inselwatt.de\/foehr\/wp-content\/uploads\/2026\/02\/gefuehrte-wattwanderung-wyk-suedstrand.jpg\" \/>\n\t<meta property=\"og:image:width\" content=\"1100\" \/>\n\t<meta property=\"og:image:height\" content=\"1100\" \/>\n\t<meta property=\"og:image:type\" content=\"image\/jpeg\" \/>\n<meta name=\"twitter:card\" content=\"summary_large_image\" \/>\n<script type=\"application\/ld+json\" class=\"yoast-schema-graph\">{\"@context\":\"https:\\\/\\\/schema.org\",\"@graph\":[{\"@type\":\"WebPage\",\"@id\":\"https:\\\/\\\/www.inselwatt.de\\\/foehr\\\/events\\\/gefuehrte-wattwanderung-wyk-suedstrand-318\\\/\",\"url\":\"https:\\\/\\\/www.inselwatt.de\\\/foehr\\\/events\\\/gefuehrte-wattwanderung-wyk-suedstrand-318\\\/\",\"name\":\"Gef\u00fchrte Wattwanderung Wyk S\u00fcdstrand am 23.07.2026 - Inselwatt Foehr\",\"isPartOf\":{\"@id\":\"https:\\\/\\\/www.inselwatt.de\\\/foehr\\\/#website\"},\"primaryImageOfPage\":{\"@id\":\"https:\\\/\\\/www.inselwatt.de\\\/foehr\\\/events\\\/gefuehrte-wattwanderung-wyk-suedstrand-318\\\/#primaryimage\"},\"image\":{\"@id\":\"https:\\\/\\\/www.inselwatt.de\\\/foehr\\\/events\\\/gefuehrte-wattwanderung-wyk-suedstrand-318\\\/#primaryimage\"},\"thumbnailUrl\":\"https:\\\/\\\/www.inselwatt.de\\\/foehr\\\/wp-content\\\/uploads\\\/2026\\\/02\\\/gefuehrte-wattwanderung-wyk-suedstrand.jpg\",\"datePublished\":\"2026-02-01T15:35:50+00:00\",\"dateModified\":\"2026-02-23T13:55:26+00:00\",\"description\":\"Gef\u00fchrte Wattwanderung Wyk S\u00fcdstrand. Mit Matthias Hansen barfuss auf dem Meeresboden. Ein unvergessliches Erlebnis.\",\"breadcrumb\":{\"@id\":\"https:\\\/\\\/www.inselwatt.de\\\/foehr\\\/events\\\/gefuehrte-wattwanderung-wyk-suedstrand-318\\\/#breadcrumb\"},\"inLanguage\":\"de\",\"potentialAction\":[{\"@type\":\"ReadAction\",\"target\":[\"https:\\\/\\\/www.inselwatt.de\\\/foehr\\\/events\\\/gefuehrte-wattwanderung-wyk-suedstrand-318\\\/\"]}]},{\"@type\":\"ImageObject\",\"inLanguage\":\"de\",\"@id\":\"https:\\\/\\\/www.inselwatt.de\\\/foehr\\\/events\\\/gefuehrte-wattwanderung-wyk-suedstrand-318\\\/#primaryimage\",\"url\":\"https:\\\/\\\/www.inselwatt.de\\\/foehr\\\/wp-content\\\/uploads\\\/2026\\\/02\\\/gefuehrte-wattwanderung-wyk-suedstrand.jpg\",\"contentUrl\":\"https:\\\/\\\/www.inselwatt.de\\\/foehr\\\/wp-content\\\/uploads\\\/2026\\\/02\\\/gefuehrte-wattwanderung-wyk-suedstrand.jpg\",\"width\":1100,\"height\":1100,\"caption\":\"Gef\u00fchrte Wattwanderung Wyk S\u00fcdstrand\"},{\"@type\":\"BreadcrumbList\",\"@id\":\"https:\\\/\\\/www.inselwatt.de\\\/foehr\\\/events\\\/gefuehrte-wattwanderung-wyk-suedstrand-318\\\/#breadcrumb\",\"itemListElement\":[{\"@type\":\"ListItem\",\"position\":1,\"name\":\"Startseite\",\"item\":\"https:\\\/\\\/www.inselwatt.de\\\/foehr\\\/\"},{\"@type\":\"ListItem\",\"position\":2,\"name\":\"Veranstaltungen\",\"item\":\"https:\\\/\\\/www.inselwatt.de\\\/foehr\\\/events\\\/\"},{\"@type\":\"ListItem\",\"position\":3,\"name\":\"Gef\u00fchrte Wattwanderung Wyk S\u00fcdstrand am 23.07.2026\"}]},{\"@type\":\"WebSite\",\"@id\":\"https:\\\/\\\/www.inselwatt.de\\\/foehr\\\/#website\",\"url\":\"https:\\\/\\\/www.inselwatt.de\\\/foehr\\\/\",\"name\":\"Inselwatt Foehr\",\"description\":\"Wattwanderungen  F\u00f6hr, Amrum, Halligen\",\"potentialAction\":[{\"@type\":\"SearchAction\",\"target\":{\"@type\":\"EntryPoint\",\"urlTemplate\":\"https:\\\/\\\/www.inselwatt.de\\\/foehr\\\/?s={search_term_string}\"},\"query-input\":{\"@type\":\"PropertyValueSpecification\",\"valueRequired\":true,\"valueName\":\"search_term_string\"}}],\"inLanguage\":\"de\"}]}<\/script>\n<!-- \/ Yoast SEO plugin. -->","yoast_head_json":{"title":"Gef\u00fchrte Wattwanderung Wyk S\u00fcdstrand am 23.07.2026 - Inselwatt Foehr","description":"Gef\u00fchrte Wattwanderung Wyk S\u00fcdstrand. Mit Matthias Hansen barfuss auf dem Meeresboden. Ein unvergessliches Erlebnis.","robots":{"index":"index","follow":"nofollow","max-snippet":"max-snippet:-1","max-image-preview":"max-image-preview:large","max-video-preview":"max-video-preview:-1"},"canonical":"https:\/\/www.inselwatt.de\/foehr\/events\/gefuehrte-wattwanderung-wyk-suedstrand-318\/","og_locale":"de_DE","og_type":"article","og_title":"Gef\u00fchrte Wattwanderung Wyk S\u00fcdstrand am 23.07.2026 - Inselwatt Foehr","og_description":"Gef\u00fchrte Wattwanderung Wyk S\u00fcdstrand. Mit Matthias Hansen barfuss auf dem Meeresboden. Ein unvergessliches Erlebnis.","og_url":"https:\/\/www.inselwatt.de\/foehr\/events\/gefuehrte-wattwanderung-wyk-suedstrand-318\/","og_site_name":"Inselwatt Foehr","article_modified_time":"2026-02-23T13:55:26+00:00","og_image":[{"width":1100,"height":1100,"url":"https:\/\/www.inselwatt.de\/foehr\/wp-content\/uploads\/2026\/02\/gefuehrte-wattwanderung-wyk-suedstrand.jpg","type":"image\/jpeg"}],"twitter_card":"summary_large_image","schema":{"@context":"https:\/\/schema.org","@graph":[{"@type":"WebPage","@id":"https:\/\/www.inselwatt.de\/foehr\/events\/gefuehrte-wattwanderung-wyk-suedstrand-318\/","url":"https:\/\/www.inselwatt.de\/foehr\/events\/gefuehrte-wattwanderung-wyk-suedstrand-318\/","name":"Gef\u00fchrte Wattwanderung Wyk S\u00fcdstrand am 23.07.2026 - Inselwatt Foehr","isPartOf":{"@id":"https:\/\/www.inselwatt.de\/foehr\/#website"},"primaryImageOfPage":{"@id":"https:\/\/www.inselwatt.de\/foehr\/events\/gefuehrte-wattwanderung-wyk-suedstrand-318\/#primaryimage"},"image":{"@id":"https:\/\/www.inselwatt.de\/foehr\/events\/gefuehrte-wattwanderung-wyk-suedstrand-318\/#primaryimage"},"thumbnailUrl":"https:\/\/www.inselwatt.de\/foehr\/wp-content\/uploads\/2026\/02\/gefuehrte-wattwanderung-wyk-suedstrand.jpg","datePublished":"2026-02-01T15:35:50+00:00","dateModified":"2026-02-23T13:55:26+00:00","description":"Gef\u00fchrte Wattwanderung Wyk S\u00fcdstrand. Mit Matthias Hansen barfuss auf dem Meeresboden. Ein unvergessliches Erlebnis.","breadcrumb":{"@id":"https:\/\/www.inselwatt.de\/foehr\/events\/gefuehrte-wattwanderung-wyk-suedstrand-318\/#breadcrumb"},"inLanguage":"de","potentialAction":[{"@type":"ReadAction","target":["https:\/\/www.inselwatt.de\/foehr\/events\/gefuehrte-wattwanderung-wyk-suedstrand-318\/"]}]},{"@type":"ImageObject","inLanguage":"de","@id":"https:\/\/www.inselwatt.de\/foehr\/events\/gefuehrte-wattwanderung-wyk-suedstrand-318\/#primaryimage","url":"https:\/\/www.inselwatt.de\/foehr\/wp-content\/uploads\/2026\/02\/gefuehrte-wattwanderung-wyk-suedstrand.jpg","contentUrl":"https:\/\/www.inselwatt.de\/foehr\/wp-content\/uploads\/2026\/02\/gefuehrte-wattwanderung-wyk-suedstrand.jpg","width":1100,"height":1100,"caption":"Gef\u00fchrte Wattwanderung Wyk S\u00fcdstrand"},{"@type":"BreadcrumbList","@id":"https:\/\/www.inselwatt.de\/foehr\/events\/gefuehrte-wattwanderung-wyk-suedstrand-318\/#breadcrumb","itemListElement":[{"@type":"ListItem","position":1,"name":"Startseite","item":"https:\/\/www.inselwatt.de\/foehr\/"},{"@type":"ListItem","position":2,"name":"Veranstaltungen","item":"https:\/\/www.inselwatt.de\/foehr\/events\/"},{"@type":"ListItem","position":3,"name":"Gef\u00fchrte Wattwanderung Wyk S\u00fcdstrand am 23.07.2026"}]},{"@type":"WebSite","@id":"https:\/\/www.inselwatt.de\/foehr\/#website","url":"https:\/\/www.inselwatt.de\/foehr\/","name":"Inselwatt Foehr","description":"Wattwanderungen  F\u00f6hr, Amrum, Halligen","potentialAction":[{"@type":"SearchAction","target":{"@type":"EntryPoint","urlTemplate":"https:\/\/www.inselwatt.de\/foehr\/?s={search_term_string}"},"query-input":{"@type":"PropertyValueSpecification","valueRequired":true,"valueName":"search_term_string"}}],"inLanguage":"de"}]}},"_links":{"self":[{"href":"https:\/\/www.inselwatt.de\/foehr\/wp-json\/wp\/v2\/mec-events\/13878","targetHints":{"allow":["GET"]}}],"collection":[{"href":"https:\/\/www.inselwatt.de\/foehr\/wp-json\/wp\/v2\/mec-events"}],"about":[{"href":"https:\/\/www.inselwatt.de\/foehr\/wp-json\/wp\/v2\/types\/mec-events"}],"author":[{"embeddable":true,"href":"https:\/\/www.inselwatt.de\/foehr\/wp-json\/wp\/v2\/users\/1"}],"replies":[{"embeddable":true,"href":"https:\/\/www.inselwatt.de\/foehr\/wp-json\/wp\/v2\/comments?post=13878"}],"version-history":[{"count":2,"href":"https:\/\/www.inselwatt.de\/foehr\/wp-json\/wp\/v2\/mec-events\/13878\/revisions"}],"predecessor-version":[{"id":13980,"href":"https:\/\/www.inselwatt.de\/foehr\/wp-json\/wp\/v2\/mec-events\/13878\/revisions\/13980"}],"wp:featuredmedia":[{"embeddable":true,"href":"https:\/\/www.inselwatt.de\/foehr\/wp-json\/wp\/v2\/media\/13979"}],"wp:attachment":[{"href":"https:\/\/www.inselwatt.de\/foehr\/wp-json\/wp\/v2\/media?parent=13878"}],"wp:term":[{"taxonomy":"post_tag","embeddable":true,"href":"https:\/\/www.inselwatt.de\/foehr\/wp-json\/wp\/v2\/tags?post=13878"},{"taxonomy":"mec_category","embeddable":true,"href":"https:\/\/www.inselwatt.de\/foehr\/wp-json\/wp\/v2\/mec_category?post=13878"}],"curies":[{"name":"wp","href":"https:\/\/api.w.org\/{rel}","templated":true}]}}