{"id":13852,"date":"2026-02-01T16:11:29","date_gmt":"2026-02-01T15:11:29","guid":{"rendered":"https:\/\/www.inselwatt.de\/foehr\/?post_type=mec-events&#038;p=13852"},"modified":"2026-02-22T10:47:39","modified_gmt":"2026-02-22T09:47:39","slug":"wattfuehrung-kormoraninsel-und-seehunde-am-15-07-2026","status":"publish","type":"mec-events","link":"https:\/\/www.inselwatt.de\/foehr\/events\/wattfuehrung-kormoraninsel-und-seehunde-am-15-07-2026\/","title":{"rendered":"Wattf\u00fchrung Kormoraninsel und Seehunde am 15.07.2026 &#8220;Early Bird&#8221;"},"content":{"rendered":"\t\t<div data-elementor-type=\"wp-post\" data-elementor-id=\"13852\" class=\"elementor elementor-13852\" data-elementor-post-type=\"mec-events\">\n\t\t\t\t\t\t<section class=\"elementor-section elementor-top-section elementor-element elementor-element-24e8167b elementor-section-boxed elementor-section-height-default elementor-section-height-default\" data-id=\"24e8167b\" data-element_type=\"section\" data-e-type=\"section\">\n\t\t\t\t\t\t<div class=\"elementor-container elementor-column-gap-default\">\n\t\t\t\t\t<div class=\"elementor-column elementor-col-100 elementor-top-column elementor-element elementor-element-30b48963\" data-id=\"30b48963\" data-element_type=\"column\" data-e-type=\"column\">\n\t\t\t<div class=\"elementor-widget-wrap elementor-element-populated\">\n\t\t\t\t\t\t<div class=\"elementor-element elementor-element-743283ff elementor-widget elementor-widget-text-editor\" data-id=\"743283ff\" data-element_type=\"widget\" data-e-type=\"widget\" data-widget_type=\"text-editor.default\">\n\t\t\t\t<div class=\"elementor-widget-container\">\n\t\t\t\t\t\t\t\t\t<h4><span style=\"color: #000080;\">Wattf\u00fchrung Kormoraninsel und Seehunde<\/span><\/h4><h4><span style=\"color: #000080;\">Von der Insel F\u00f6hr zum Kormoransand und den Seehundsb\u00e4nken hin- und wieder zur\u00fcck.<\/span><\/h4><h4><span style=\"color: #000080;\">Du wirst Dich auf dem Kormoransand genau zwischen F\u00f6hr und Sylt auf dem Meeresboden befinden.<\/span><\/h4><h4><strong><span style=\"color: #000080;\">Die unendliche Weite direkt vor Dir.<\/span><\/strong><\/h4><p><img fetchpriority=\"high\" decoding=\"async\" class=\"alignnone wp-image-13351 size-medium\" src=\"https:\/\/www.inselwatt.de\/foehr\/wp-content\/uploads\/2026\/05\/wattwanderung-unendliche-weite-inselwatt-matthias-hansen-300x300.jpg\" alt=\"Unendliche Weiten auf einer Wattf\u00fchrung von Matthias Hansen mit Inselwatt.\" width=\"300\" height=\"300\" srcset=\"https:\/\/www.inselwatt.de\/foehr\/wp-content\/uploads\/2026\/05\/wattwanderung-unendliche-weite-inselwatt-matthias-hansen-300x300.jpg 300w, https:\/\/www.inselwatt.de\/foehr\/wp-content\/uploads\/2026\/05\/wattwanderung-unendliche-weite-inselwatt-matthias-hansen-900x900.jpg 900w, https:\/\/www.inselwatt.de\/foehr\/wp-content\/uploads\/2026\/05\/wattwanderung-unendliche-weite-inselwatt-matthias-hansen-150x150.jpg 150w, https:\/\/www.inselwatt.de\/foehr\/wp-content\/uploads\/2026\/05\/wattwanderung-unendliche-weite-inselwatt-matthias-hansen-768x768.jpg 768w, https:\/\/www.inselwatt.de\/foehr\/wp-content\/uploads\/2026\/05\/wattwanderung-unendliche-weite-inselwatt-matthias-hansen-500x500.jpg 500w, https:\/\/www.inselwatt.de\/foehr\/wp-content\/uploads\/2026\/05\/wattwanderung-unendliche-weite-inselwatt-matthias-hansen-1536x1536.jpg 1536w, https:\/\/www.inselwatt.de\/foehr\/wp-content\/uploads\/2026\/05\/wattwanderung-unendliche-weite-inselwatt-matthias-hansen.jpg 1700w\" sizes=\"(max-width: 300px) 100vw, 300px\" \/><\/p><h5>\u00a0<\/h5><h4><span style=\"color: #000080;\">Festes Sandwatt, ideal f\u00fcr Muschelsammler und Entdecker.<\/span><br \/><span style=\"color: #000080;\">Fast immer sind Seehunde zu betrachten. Fernglas mitnehmen!<\/span><\/h4><h4><span style=\"color: #000080;\">Die Wanderung endet am Startpunkt (Parkplatz Dunsum)<\/span><\/h4><h4 style=\"text-align: left;\"><strong><span style=\"text-decoration: underline;\"><span style=\"color: #000080; text-decoration: underline;\">Daten der Tour<\/span><\/span><\/strong><\/h4><h4><span style=\"color: #000080;\">Wattf\u00fchrung Kormoraninsel und Seehunde<\/span><\/h4><h4><span style=\"color: #000080;\">Gesamtdauer der Tour: 3,5 &#8211; 4 Stunden.<\/span><\/h4><h4><span style=\"color: #000080;\">Laufstrecke 9 km<\/span><\/h4><h4><span style=\"color: #000080;\">Wassertiefe im Priel: maximal Knietief<\/span><\/h4><p><a href=\"https:\/\/www.inselwatt.de\/foehr\/termine\/\"><img decoding=\"async\" class=\"alignnone wp-image-2430 size-full\" src=\"https:\/\/www.inselwatt.de\/foehr\/wp-content\/uploads\/2021\/05\/bt_termine.png\" alt=\"\" width=\"135\" height=\"43\" \/><\/a><\/p><h5><a href=\"http:\/\/www.instagram.com\/inselwatt\"><img decoding=\"async\" class=\"\" src=\"https:\/\/www.inselwatt.de\/foehr\/wp-content\/uploads\/2021\/08\/600px-Instagram_icon.png\" width=\"40\" height=\"40\" \/><\/a> #inselwatt<\/h5>\t\t\t\t\t\t\t\t<\/div>\n\t\t\t\t<\/div>\n\t\t\t\t\t<\/div>\n\t\t<\/div>\n\t\t\t\t\t<\/div>\n\t\t<\/section>\n\t\t\t\t<\/div>\n\t\t","protected":false},"excerpt":{"rendered":"<p>Wattf\u00fchrung Kormoraninsel und Seehunde Von der Insel F\u00f6hr zum Kormoransand und den Seehundsb\u00e4nken hin- und wieder zur\u00fcck. Du wirst Dich auf dem Kormoransand genau zwischen F\u00f6hr und Sylt auf dem Meeresboden befinden. Die unendliche Weite direkt vor Dir. Festes Sandwatt, ideal f\u00fcr Muschelsammler und Entdecker. Fast immer sind Seehunde zu betrachten. Fernglas mitnehmen! Die Wanderung [&hellip;]<\/p>\n","protected":false},"author":1,"featured_media":13731,"comment_status":"closed","ping_status":"closed","template":"","meta":{"_acf_changed":false,"site-sidebar-layout":"default","site-content-layout":"default","ast-site-content-layout":"default","site-content-style":"default","site-sidebar-style":"default","ast-global-header-display":"","ast-banner-title-visibility":"","ast-main-header-display":"","ast-hfb-above-header-display":"","ast-hfb-below-header-display":"","ast-hfb-mobile-header-display":"","site-post-title":"","ast-breadcrumbs-content":"","ast-featured-img":"","footer-sml-layout":"","ast-disable-related-posts":"","theme-transparent-header-meta":"default","adv-header-id-meta":"","stick-header-meta":"","header-above-stick-meta":"","header-main-stick-meta":"","header-below-stick-meta":"","astra-migrate-meta-layouts":"set","ast-page-background-enabled":"default","ast-page-background-meta":{"desktop":{"background-color":"","background-image":"","background-repeat":"repeat","background-position":"center center","background-size":"auto","background-attachment":"scroll","background-type":"","background-media":"","overlay-type":"","overlay-color":"","overlay-opacity":"","overlay-gradient":""},"tablet":{"background-color":"","background-image":"","background-repeat":"repeat","background-position":"center center","background-size":"auto","background-attachment":"scroll","background-type":"","background-media":"","overlay-type":"","overlay-color":"","overlay-opacity":"","overlay-gradient":""},"mobile":{"background-color":"","background-image":"","background-repeat":"repeat","background-position":"center center","background-size":"auto","background-attachment":"scroll","background-type":"","background-media":"","overlay-type":"","overlay-color":"","overlay-opacity":"","overlay-gradient":""}},"ast-content-background-meta":{"desktop":{"background-color":"var(--ast-global-color-5)","background-image":"","background-repeat":"repeat","background-position":"center center","background-size":"auto","background-attachment":"scroll","background-type":"","background-media":"","overlay-type":"","overlay-color":"","overlay-opacity":"","overlay-gradient":""},"tablet":{"background-color":"var(--ast-global-color-5)","background-image":"","background-repeat":"repeat","background-position":"center center","background-size":"auto","background-attachment":"scroll","background-type":"","background-media":"","overlay-type":"","overlay-color":"","overlay-opacity":"","overlay-gradient":""},"mobile":{"background-color":"var(--ast-global-color-5)","background-image":"","background-repeat":"repeat","background-position":"center center","background-size":"auto","background-attachment":"scroll","background-type":"","background-media":"","overlay-type":"","overlay-color":"","overlay-opacity":"","overlay-gradient":""}}},"tags":[],"mec_category":[41],"class_list":["post-13852","mec-events","type-mec-events","status-publish","has-post-thumbnail","hentry","mec_category-kormoransand"],"acf":[],"yoast_head":"<!-- This site is optimized with the Yoast SEO plugin v27.5 - https:\/\/yoast.com\/product\/yoast-seo-wordpress\/ -->\n<title>Wattf\u00fchrung Kormoraninsel und Seehunde am 15.07.2026 &quot;Early Bird&quot; - Inselwatt Foehr<\/title>\n<meta name=\"description\" content=\"Wattf\u00fchrung Kormoraninsel und Seehunde. Auf dem Meeresboden zwischen F\u00f6hr und Sylt. Ein unvergessliches Erlebnis.\" \/>\n<meta name=\"robots\" content=\"index, nofollow, max-snippet:-1, max-image-preview:large, max-video-preview:-1\" \/>\n<link rel=\"canonical\" href=\"https:\/\/www.inselwatt.de\/foehr\/events\/wattfuehrung-kormoraninsel-und-seehunde-am-15-07-2026\/\" \/>\n<meta property=\"og:locale\" content=\"de_DE\" \/>\n<meta property=\"og:type\" content=\"article\" \/>\n<meta property=\"og:title\" content=\"Wattf\u00fchrung Kormoraninsel und Seehunde am 15.07.2026 &quot;Early Bird&quot; - Inselwatt Foehr\" \/>\n<meta property=\"og:description\" content=\"Wattf\u00fchrung Kormoraninsel und Seehunde. Auf dem Meeresboden zwischen F\u00f6hr und Sylt. Ein unvergessliches Erlebnis.\" \/>\n<meta property=\"og:url\" content=\"https:\/\/www.inselwatt.de\/foehr\/events\/wattfuehrung-kormoraninsel-und-seehunde-am-15-07-2026\/\" \/>\n<meta property=\"og:site_name\" content=\"Inselwatt Foehr\" \/>\n<meta property=\"article:modified_time\" content=\"2026-02-22T09:47:39+00:00\" \/>\n<meta property=\"og:image\" content=\"https:\/\/www.inselwatt.de\/foehr\/wp-content\/uploads\/2026\/05\/wattwanderung-kormoraninsel-und-seehunde.jpg\" \/>\n\t<meta property=\"og:image:width\" content=\"1117\" \/>\n\t<meta property=\"og:image:height\" content=\"1117\" \/>\n\t<meta property=\"og:image:type\" content=\"image\/jpeg\" \/>\n<meta name=\"twitter:card\" content=\"summary_large_image\" \/>\n<script type=\"application\/ld+json\" class=\"yoast-schema-graph\">{\"@context\":\"https:\\\/\\\/schema.org\",\"@graph\":[{\"@type\":\"WebPage\",\"@id\":\"https:\\\/\\\/www.inselwatt.de\\\/foehr\\\/events\\\/wattfuehrung-kormoraninsel-und-seehunde-am-15-07-2026\\\/\",\"url\":\"https:\\\/\\\/www.inselwatt.de\\\/foehr\\\/events\\\/wattfuehrung-kormoraninsel-und-seehunde-am-15-07-2026\\\/\",\"name\":\"Wattf\u00fchrung Kormoraninsel und Seehunde am 15.07.2026 \\\"Early Bird\\\" - Inselwatt Foehr\",\"isPartOf\":{\"@id\":\"https:\\\/\\\/www.inselwatt.de\\\/foehr\\\/#website\"},\"primaryImageOfPage\":{\"@id\":\"https:\\\/\\\/www.inselwatt.de\\\/foehr\\\/events\\\/wattfuehrung-kormoraninsel-und-seehunde-am-15-07-2026\\\/#primaryimage\"},\"image\":{\"@id\":\"https:\\\/\\\/www.inselwatt.de\\\/foehr\\\/events\\\/wattfuehrung-kormoraninsel-und-seehunde-am-15-07-2026\\\/#primaryimage\"},\"thumbnailUrl\":\"https:\\\/\\\/www.inselwatt.de\\\/foehr\\\/wp-content\\\/uploads\\\/2026\\\/05\\\/wattwanderung-kormoraninsel-und-seehunde.jpg\",\"datePublished\":\"2026-02-01T15:11:29+00:00\",\"dateModified\":\"2026-02-22T09:47:39+00:00\",\"description\":\"Wattf\u00fchrung Kormoraninsel und Seehunde. Auf dem Meeresboden zwischen F\u00f6hr und Sylt. Ein unvergessliches Erlebnis.\",\"breadcrumb\":{\"@id\":\"https:\\\/\\\/www.inselwatt.de\\\/foehr\\\/events\\\/wattfuehrung-kormoraninsel-und-seehunde-am-15-07-2026\\\/#breadcrumb\"},\"inLanguage\":\"de\",\"potentialAction\":[{\"@type\":\"ReadAction\",\"target\":[\"https:\\\/\\\/www.inselwatt.de\\\/foehr\\\/events\\\/wattfuehrung-kormoraninsel-und-seehunde-am-15-07-2026\\\/\"]}]},{\"@type\":\"ImageObject\",\"inLanguage\":\"de\",\"@id\":\"https:\\\/\\\/www.inselwatt.de\\\/foehr\\\/events\\\/wattfuehrung-kormoraninsel-und-seehunde-am-15-07-2026\\\/#primaryimage\",\"url\":\"https:\\\/\\\/www.inselwatt.de\\\/foehr\\\/wp-content\\\/uploads\\\/2026\\\/05\\\/wattwanderung-kormoraninsel-und-seehunde.jpg\",\"contentUrl\":\"https:\\\/\\\/www.inselwatt.de\\\/foehr\\\/wp-content\\\/uploads\\\/2026\\\/05\\\/wattwanderung-kormoraninsel-und-seehunde.jpg\",\"width\":1117,\"height\":1117,\"caption\":\"Wattf\u00fchrung Kormoraninsel und Seehunde\"},{\"@type\":\"BreadcrumbList\",\"@id\":\"https:\\\/\\\/www.inselwatt.de\\\/foehr\\\/events\\\/wattfuehrung-kormoraninsel-und-seehunde-am-15-07-2026\\\/#breadcrumb\",\"itemListElement\":[{\"@type\":\"ListItem\",\"position\":1,\"name\":\"Startseite\",\"item\":\"https:\\\/\\\/www.inselwatt.de\\\/foehr\\\/\"},{\"@type\":\"ListItem\",\"position\":2,\"name\":\"Veranstaltungen\",\"item\":\"https:\\\/\\\/www.inselwatt.de\\\/foehr\\\/events\\\/\"},{\"@type\":\"ListItem\",\"position\":3,\"name\":\"Wattf\u00fchrung Kormoraninsel und Seehunde am 15.07.2026 &#8220;Early Bird&#8221;\"}]},{\"@type\":\"WebSite\",\"@id\":\"https:\\\/\\\/www.inselwatt.de\\\/foehr\\\/#website\",\"url\":\"https:\\\/\\\/www.inselwatt.de\\\/foehr\\\/\",\"name\":\"Inselwatt Foehr\",\"description\":\"Wattwanderungen  F\u00f6hr, Amrum, Halligen\",\"potentialAction\":[{\"@type\":\"SearchAction\",\"target\":{\"@type\":\"EntryPoint\",\"urlTemplate\":\"https:\\\/\\\/www.inselwatt.de\\\/foehr\\\/?s={search_term_string}\"},\"query-input\":{\"@type\":\"PropertyValueSpecification\",\"valueRequired\":true,\"valueName\":\"search_term_string\"}}],\"inLanguage\":\"de\"}]}<\/script>\n<!-- \/ Yoast SEO plugin. -->","yoast_head_json":{"title":"Wattf\u00fchrung Kormoraninsel und Seehunde am 15.07.2026 \"Early Bird\" - Inselwatt Foehr","description":"Wattf\u00fchrung Kormoraninsel und Seehunde. Auf dem Meeresboden zwischen F\u00f6hr und Sylt. Ein unvergessliches Erlebnis.","robots":{"index":"index","follow":"nofollow","max-snippet":"max-snippet:-1","max-image-preview":"max-image-preview:large","max-video-preview":"max-video-preview:-1"},"canonical":"https:\/\/www.inselwatt.de\/foehr\/events\/wattfuehrung-kormoraninsel-und-seehunde-am-15-07-2026\/","og_locale":"de_DE","og_type":"article","og_title":"Wattf\u00fchrung Kormoraninsel und Seehunde am 15.07.2026 \"Early Bird\" - Inselwatt Foehr","og_description":"Wattf\u00fchrung Kormoraninsel und Seehunde. Auf dem Meeresboden zwischen F\u00f6hr und Sylt. Ein unvergessliches Erlebnis.","og_url":"https:\/\/www.inselwatt.de\/foehr\/events\/wattfuehrung-kormoraninsel-und-seehunde-am-15-07-2026\/","og_site_name":"Inselwatt Foehr","article_modified_time":"2026-02-22T09:47:39+00:00","og_image":[{"width":1117,"height":1117,"url":"https:\/\/www.inselwatt.de\/foehr\/wp-content\/uploads\/2026\/05\/wattwanderung-kormoraninsel-und-seehunde.jpg","type":"image\/jpeg"}],"twitter_card":"summary_large_image","schema":{"@context":"https:\/\/schema.org","@graph":[{"@type":"WebPage","@id":"https:\/\/www.inselwatt.de\/foehr\/events\/wattfuehrung-kormoraninsel-und-seehunde-am-15-07-2026\/","url":"https:\/\/www.inselwatt.de\/foehr\/events\/wattfuehrung-kormoraninsel-und-seehunde-am-15-07-2026\/","name":"Wattf\u00fchrung Kormoraninsel und Seehunde am 15.07.2026 \"Early Bird\" - Inselwatt Foehr","isPartOf":{"@id":"https:\/\/www.inselwatt.de\/foehr\/#website"},"primaryImageOfPage":{"@id":"https:\/\/www.inselwatt.de\/foehr\/events\/wattfuehrung-kormoraninsel-und-seehunde-am-15-07-2026\/#primaryimage"},"image":{"@id":"https:\/\/www.inselwatt.de\/foehr\/events\/wattfuehrung-kormoraninsel-und-seehunde-am-15-07-2026\/#primaryimage"},"thumbnailUrl":"https:\/\/www.inselwatt.de\/foehr\/wp-content\/uploads\/2026\/05\/wattwanderung-kormoraninsel-und-seehunde.jpg","datePublished":"2026-02-01T15:11:29+00:00","dateModified":"2026-02-22T09:47:39+00:00","description":"Wattf\u00fchrung Kormoraninsel und Seehunde. Auf dem Meeresboden zwischen F\u00f6hr und Sylt. Ein unvergessliches Erlebnis.","breadcrumb":{"@id":"https:\/\/www.inselwatt.de\/foehr\/events\/wattfuehrung-kormoraninsel-und-seehunde-am-15-07-2026\/#breadcrumb"},"inLanguage":"de","potentialAction":[{"@type":"ReadAction","target":["https:\/\/www.inselwatt.de\/foehr\/events\/wattfuehrung-kormoraninsel-und-seehunde-am-15-07-2026\/"]}]},{"@type":"ImageObject","inLanguage":"de","@id":"https:\/\/www.inselwatt.de\/foehr\/events\/wattfuehrung-kormoraninsel-und-seehunde-am-15-07-2026\/#primaryimage","url":"https:\/\/www.inselwatt.de\/foehr\/wp-content\/uploads\/2026\/05\/wattwanderung-kormoraninsel-und-seehunde.jpg","contentUrl":"https:\/\/www.inselwatt.de\/foehr\/wp-content\/uploads\/2026\/05\/wattwanderung-kormoraninsel-und-seehunde.jpg","width":1117,"height":1117,"caption":"Wattf\u00fchrung Kormoraninsel und Seehunde"},{"@type":"BreadcrumbList","@id":"https:\/\/www.inselwatt.de\/foehr\/events\/wattfuehrung-kormoraninsel-und-seehunde-am-15-07-2026\/#breadcrumb","itemListElement":[{"@type":"ListItem","position":1,"name":"Startseite","item":"https:\/\/www.inselwatt.de\/foehr\/"},{"@type":"ListItem","position":2,"name":"Veranstaltungen","item":"https:\/\/www.inselwatt.de\/foehr\/events\/"},{"@type":"ListItem","position":3,"name":"Wattf\u00fchrung Kormoraninsel und Seehunde am 15.07.2026 &#8220;Early Bird&#8221;"}]},{"@type":"WebSite","@id":"https:\/\/www.inselwatt.de\/foehr\/#website","url":"https:\/\/www.inselwatt.de\/foehr\/","name":"Inselwatt Foehr","description":"Wattwanderungen  F\u00f6hr, Amrum, Halligen","potentialAction":[{"@type":"SearchAction","target":{"@type":"EntryPoint","urlTemplate":"https:\/\/www.inselwatt.de\/foehr\/?s={search_term_string}"},"query-input":{"@type":"PropertyValueSpecification","valueRequired":true,"valueName":"search_term_string"}}],"inLanguage":"de"}]}},"_links":{"self":[{"href":"https:\/\/www.inselwatt.de\/foehr\/wp-json\/wp\/v2\/mec-events\/13852","targetHints":{"allow":["GET"]}}],"collection":[{"href":"https:\/\/www.inselwatt.de\/foehr\/wp-json\/wp\/v2\/mec-events"}],"about":[{"href":"https:\/\/www.inselwatt.de\/foehr\/wp-json\/wp\/v2\/types\/mec-events"}],"author":[{"embeddable":true,"href":"https:\/\/www.inselwatt.de\/foehr\/wp-json\/wp\/v2\/users\/1"}],"replies":[{"embeddable":true,"href":"https:\/\/www.inselwatt.de\/foehr\/wp-json\/wp\/v2\/comments?post=13852"}],"version-history":[{"count":3,"href":"https:\/\/www.inselwatt.de\/foehr\/wp-json\/wp\/v2\/mec-events\/13852\/revisions"}],"predecessor-version":[{"id":13975,"href":"https:\/\/www.inselwatt.de\/foehr\/wp-json\/wp\/v2\/mec-events\/13852\/revisions\/13975"}],"wp:featuredmedia":[{"embeddable":true,"href":"https:\/\/www.inselwatt.de\/foehr\/wp-json\/wp\/v2\/media\/13731"}],"wp:attachment":[{"href":"https:\/\/www.inselwatt.de\/foehr\/wp-json\/wp\/v2\/media?parent=13852"}],"wp:term":[{"taxonomy":"post_tag","embeddable":true,"href":"https:\/\/www.inselwatt.de\/foehr\/wp-json\/wp\/v2\/tags?post=13852"},{"taxonomy":"mec_category","embeddable":true,"href":"https:\/\/www.inselwatt.de\/foehr\/wp-json\/wp\/v2\/mec_category?post=13852"}],"curies":[{"name":"wp","href":"https:\/\/api.w.org\/{rel}","templated":true}]}}